{"id":886937,"date":"2025-02-03T10:59:32","date_gmt":"2025-02-03T15:59:32","guid":{"rendered":"https:\/\/www.veronneau.com\/?post_type=product&#038;p=886937"},"modified":"2026-02-04T10:16:50","modified_gmt":"2026-02-04T15:16:50","slug":"bouquet-deucalyptus-germe-artificiel-15","status":"publish","type":"product","link":"https:\/\/www.veronneau.com\/fr\/produits\/fleurs-artificielles\/herbes-et-feuillages\/bouquet-deucalyptus-germe-artificiel-15\/","title":{"rendered":"Bouquet d&rsquo;eucalyptus germ\u00e9 artificiel, 15&Prime;"},"content":{"rendered":"<p>Bouquet d&rsquo;eucalyptus germ\u00e9 artificiel, 15&Prime;. Avec ses feuilles allong\u00e9es, ce bouquet d&rsquo;eucalyptus germ\u00e9 s&rsquo;int\u00e8gre parfaitement dans les vases en verre pour un style \u00e9pur\u00e9 et organique. Il sera tr\u00e8s pratique pour compl\u00e9ter un bouquet de fleurs simple. Ce bouquet est \u00e9galement dot\u00e9 de tiges m\u00e9talliques \u00e0 l&rsquo;int\u00e9rieur afin de pouvoir les fa\u00e7onner comme vous le souhaitez.<\/p>\n","protected":false},"excerpt":{"rendered":"<p>Bouquet d&rsquo;eucalyptus germ\u00e9 artificiel, 15&Prime;. Avec ses feuilles allong\u00e9es, ce bouquet d&rsquo;eucalyptus germ\u00e9 s&rsquo;int\u00e8gre parfaitement dans les vases en verre pour un style \u00e9pur\u00e9 et organique. Il sera tr\u00e8s pratique pour compl\u00e9ter un bouquet de fleurs simple. Ce bouquet est \u00e9galement dot\u00e9 de tiges m\u00e9talliques \u00e0 l&rsquo;int\u00e9rieur afin de pouvoir les fa\u00e7onner comme vous le [&hellip;]<\/p>\n","protected":false},"featured_media":887153,"comment_status":"open","ping_status":"closed","template":"","meta":[],"product_brand":[],"product_cat":[86054],"product_tag":[],"class_list":["post-886937","product","type-product","status-publish","has-post-thumbnail","product_cat-herbes-et-feuillages","first","instock","taxable","shipping-taxable","purchasable","product-type-simple"],"yoast_head":"<!-- This site is optimized with the Yoast SEO plugin v28.3 - https:\/\/yoast.com\/product\/yoast-seo-wordpress\/ -->\n<title>Bouquet d&#039;eucalyptus germ\u00e9 artificiel, 15&#039;&#039; - D\u00e9cors V\u00e9ronneau<\/title>\n<meta name=\"description\" content=\"Avec ses feuilles allong\u00e9es, ce bouquet d&#039;eucalyptus germ\u00e9 s&#039;int\u00e8gre parfaitement dans les vases en verre pour un style \u00e9pur\u00e9 et organique.\" \/>\n<meta name=\"robots\" content=\"index, follow, max-snippet:-1, max-image-preview:large, max-video-preview:-1\" \/>\n<link rel=\"canonical\" href=\"https:\/\/www.veronneau.com\/fr\/produits\/fleurs-artificielles\/herbes-et-feuillages\/bouquet-deucalyptus-germe-artificiel-15\/\" \/>\n<meta property=\"og:locale\" content=\"fr_FR\" \/>\n<meta property=\"og:type\" content=\"article\" \/>\n<meta property=\"og:title\" content=\"Bouquet d&#039;eucalyptus germ\u00e9 artificiel, 15&#039;&#039;\" \/>\n<meta property=\"og:description\" content=\"Avec ses feuilles allong\u00e9es, ce bouquet d&#039;eucalyptus germ\u00e9 s&#039;int\u00e8gre parfaitement dans les vases en verre pour un style \u00e9pur\u00e9 et organique.\" \/>\n<meta property=\"og:url\" content=\"https:\/\/www.veronneau.com\/fr\/produits\/fleurs-artificielles\/herbes-et-feuillages\/bouquet-deucalyptus-germe-artificiel-15\/\" \/>\n<meta property=\"og:site_name\" content=\"D\u00e9cors V\u00e9ronneau\" \/>\n<meta property=\"article:publisher\" content=\"https:\/\/www.facebook.com\/decorsveronneau\" \/>\n<meta property=\"article:modified_time\" content=\"2026-02-04T15:16:50+00:00\" \/>\n<meta property=\"og:image\" content=\"https:\/\/www.veronneau.com\/wp-content\/uploads\/2025\/02\/MTF24648GYGR.jpg\" \/>\n\t<meta property=\"og:image:width\" content=\"1000\" \/>\n\t<meta property=\"og:image:height\" content=\"1000\" \/>\n\t<meta property=\"og:image:type\" content=\"image\/jpeg\" \/>\n<meta name=\"twitter:card\" content=\"summary_large_image\" \/>\n<meta name=\"twitter:label1\" content=\"Dur\u00e9e de lecture estim\u00e9e\" \/>\n\t<meta name=\"twitter:data1\" content=\"1 minute\" \/>\n<script type=\"application\/ld+json\" class=\"yoast-schema-graph\">{\"@context\":\"https:\\\/\\\/schema.org\",\"@graph\":[{\"@type\":[\"WebPage\",\"ItemPage\"],\"@id\":\"https:\\\/\\\/www.veronneau.com\\\/fr\\\/produits\\\/fleurs-artificielles\\\/herbes-et-feuillages\\\/bouquet-deucalyptus-germe-artificiel-15\\\/\",\"url\":\"https:\\\/\\\/www.veronneau.com\\\/fr\\\/produits\\\/fleurs-artificielles\\\/herbes-et-feuillages\\\/bouquet-deucalyptus-germe-artificiel-15\\\/\",\"name\":\"Bouquet d'eucalyptus germ\u00e9 artificiel, 15''\",\"isPartOf\":{\"@id\":\"https:\\\/\\\/www.veronneau.com\\\/fr\\\/#website\"},\"primaryImageOfPage\":{\"@id\":\"https:\\\/\\\/www.veronneau.com\\\/fr\\\/produits\\\/fleurs-artificielles\\\/herbes-et-feuillages\\\/bouquet-deucalyptus-germe-artificiel-15\\\/#primaryimage\"},\"image\":{\"@id\":\"https:\\\/\\\/www.veronneau.com\\\/fr\\\/produits\\\/fleurs-artificielles\\\/herbes-et-feuillages\\\/bouquet-deucalyptus-germe-artificiel-15\\\/#primaryimage\"},\"thumbnailUrl\":\"https:\\\/\\\/www.veronneau.com\\\/wp-content\\\/uploads\\\/2025\\\/02\\\/MTF24648GYGR.jpg\",\"datePublished\":\"2025-02-03T15:59:32+00:00\",\"dateModified\":\"2026-02-04T15:16:50+00:00\",\"description\":\"Avec ses feuilles allong\u00e9es, ce bouquet d'eucalyptus germ\u00e9 s'int\u00e8gre parfaitement dans les vases en verre pour un style \u00e9pur\u00e9 et organique.\",\"breadcrumb\":{\"@id\":\"https:\\\/\\\/www.veronneau.com\\\/fr\\\/produits\\\/fleurs-artificielles\\\/herbes-et-feuillages\\\/bouquet-deucalyptus-germe-artificiel-15\\\/#breadcrumb\"},\"inLanguage\":\"fr-FR\",\"potentialAction\":[{\"@type\":\"ReadAction\",\"target\":[\"https:\\\/\\\/www.veronneau.com\\\/fr\\\/produits\\\/fleurs-artificielles\\\/herbes-et-feuillages\\\/bouquet-deucalyptus-germe-artificiel-15\\\/\"]}]},{\"@type\":\"ImageObject\",\"inLanguage\":\"fr-FR\",\"@id\":\"https:\\\/\\\/www.veronneau.com\\\/fr\\\/produits\\\/fleurs-artificielles\\\/herbes-et-feuillages\\\/bouquet-deucalyptus-germe-artificiel-15\\\/#primaryimage\",\"url\":\"https:\\\/\\\/www.veronneau.com\\\/wp-content\\\/uploads\\\/2025\\\/02\\\/MTF24648GYGR.jpg\",\"contentUrl\":\"https:\\\/\\\/www.veronneau.com\\\/wp-content\\\/uploads\\\/2025\\\/02\\\/MTF24648GYGR.jpg\",\"width\":1000,\"height\":1000},{\"@type\":\"BreadcrumbList\",\"@id\":\"https:\\\/\\\/www.veronneau.com\\\/fr\\\/produits\\\/fleurs-artificielles\\\/herbes-et-feuillages\\\/bouquet-deucalyptus-germe-artificiel-15\\\/#breadcrumb\",\"itemListElement\":[{\"@type\":\"ListItem\",\"position\":1,\"name\":\"Accueil\",\"item\":\"https:\\\/\\\/www.veronneau.com\\\/fr\\\/\"},{\"@type\":\"ListItem\",\"position\":2,\"name\":\"Boutique\",\"item\":\"https:\\\/\\\/www.veronneau.com\\\/fr\\\/boutique\\\/\"},{\"@type\":\"ListItem\",\"position\":3,\"name\":\"Fleurs artificielles\",\"item\":\"https:\\\/\\\/www.veronneau.com\\\/fr\\\/categorie-produit\\\/fleurs-artificielles\\\/\"},{\"@type\":\"ListItem\",\"position\":4,\"name\":\"Tiges de feuillage artificiel\",\"item\":\"https:\\\/\\\/www.veronneau.com\\\/fr\\\/categorie-produit\\\/fleurs-artificielles\\\/herbes-et-feuillages\\\/\"},{\"@type\":\"ListItem\",\"position\":5,\"name\":\"Bouquet d&rsquo;eucalyptus germ\u00e9 artificiel, 15&Prime;\"}]},{\"@type\":\"WebSite\",\"@id\":\"https:\\\/\\\/www.veronneau.com\\\/fr\\\/#website\",\"url\":\"https:\\\/\\\/www.veronneau.com\\\/fr\\\/\",\"name\":\"D\u00e9cors V\u00e9ronneau\",\"description\":\"Magasin de d\u00e9coration int\u00e9rieure - Plantes et fleurs artificielles\",\"publisher\":{\"@id\":\"https:\\\/\\\/www.veronneau.com\\\/fr\\\/#organization\"},\"alternateName\":\"D\u00e9cors V\u00e9ronneau\",\"potentialAction\":[{\"@type\":\"SearchAction\",\"target\":{\"@type\":\"EntryPoint\",\"urlTemplate\":\"https:\\\/\\\/www.veronneau.com\\\/fr\\\/?s={search_term_string}\"},\"query-input\":{\"@type\":\"PropertyValueSpecification\",\"valueRequired\":true,\"valueName\":\"search_term_string\"}}],\"inLanguage\":\"fr-FR\"},{\"@type\":\"Organization\",\"@id\":\"https:\\\/\\\/www.veronneau.com\\\/fr\\\/#organization\",\"name\":\"D\u00e9cors V\u00e9ronneau\",\"alternateName\":\"D\u00e9cors V\u00e9ronneau\",\"url\":\"https:\\\/\\\/www.veronneau.com\\\/fr\\\/\",\"logo\":{\"@type\":\"ImageObject\",\"inLanguage\":\"fr-FR\",\"@id\":\"https:\\\/\\\/www.veronneau.com\\\/fr\\\/#\\\/schema\\\/logo\\\/image\\\/\",\"url\":\"https:\\\/\\\/www.veronneau.com\\\/wp-content\\\/uploads\\\/2023\\\/07\\\/logo-veronneau.png\",\"contentUrl\":\"https:\\\/\\\/www.veronneau.com\\\/wp-content\\\/uploads\\\/2023\\\/07\\\/logo-veronneau.png\",\"width\":1200,\"height\":675,\"caption\":\"D\u00e9cors V\u00e9ronneau\"},\"image\":{\"@id\":\"https:\\\/\\\/www.veronneau.com\\\/fr\\\/#\\\/schema\\\/logo\\\/image\\\/\"},\"sameAs\":[\"https:\\\/\\\/www.facebook.com\\\/decorsveronneau\",\"https:\\\/\\\/www.instagram.com\\\/decorsveronneau\\\/\",\"https:\\\/\\\/www.youtube.com\\\/@decorsveronneau\"]}]}<\/script>\n<!-- \/ Yoast SEO plugin. -->","yoast_head_json":{"title":"Bouquet d'eucalyptus germ\u00e9 artificiel, 15'' - D\u00e9cors V\u00e9ronneau","description":"Avec ses feuilles allong\u00e9es, ce bouquet d'eucalyptus germ\u00e9 s'int\u00e8gre parfaitement dans les vases en verre pour un style \u00e9pur\u00e9 et organique.","robots":{"index":"index","follow":"follow","max-snippet":"max-snippet:-1","max-image-preview":"max-image-preview:large","max-video-preview":"max-video-preview:-1"},"canonical":"https:\/\/www.veronneau.com\/fr\/produits\/fleurs-artificielles\/herbes-et-feuillages\/bouquet-deucalyptus-germe-artificiel-15\/","og_locale":"fr_FR","og_type":"article","og_title":"Bouquet d'eucalyptus germ\u00e9 artificiel, 15''","og_description":"Avec ses feuilles allong\u00e9es, ce bouquet d'eucalyptus germ\u00e9 s'int\u00e8gre parfaitement dans les vases en verre pour un style \u00e9pur\u00e9 et organique.","og_url":"https:\/\/www.veronneau.com\/fr\/produits\/fleurs-artificielles\/herbes-et-feuillages\/bouquet-deucalyptus-germe-artificiel-15\/","og_site_name":"D\u00e9cors V\u00e9ronneau","article_publisher":"https:\/\/www.facebook.com\/decorsveronneau","article_modified_time":"2026-02-04T15:16:50+00:00","og_image":[{"width":1000,"height":1000,"url":"https:\/\/www.veronneau.com\/wp-content\/uploads\/2025\/02\/MTF24648GYGR.jpg","type":"image\/jpeg"}],"twitter_card":"summary_large_image","twitter_misc":{"Dur\u00e9e de lecture estim\u00e9e":"1 minute"},"schema":{"@context":"https:\/\/schema.org","@graph":[{"@type":["WebPage","ItemPage"],"@id":"https:\/\/www.veronneau.com\/fr\/produits\/fleurs-artificielles\/herbes-et-feuillages\/bouquet-deucalyptus-germe-artificiel-15\/","url":"https:\/\/www.veronneau.com\/fr\/produits\/fleurs-artificielles\/herbes-et-feuillages\/bouquet-deucalyptus-germe-artificiel-15\/","name":"Bouquet d'eucalyptus germ\u00e9 artificiel, 15''","isPartOf":{"@id":"https:\/\/www.veronneau.com\/fr\/#website"},"primaryImageOfPage":{"@id":"https:\/\/www.veronneau.com\/fr\/produits\/fleurs-artificielles\/herbes-et-feuillages\/bouquet-deucalyptus-germe-artificiel-15\/#primaryimage"},"image":{"@id":"https:\/\/www.veronneau.com\/fr\/produits\/fleurs-artificielles\/herbes-et-feuillages\/bouquet-deucalyptus-germe-artificiel-15\/#primaryimage"},"thumbnailUrl":"https:\/\/www.veronneau.com\/wp-content\/uploads\/2025\/02\/MTF24648GYGR.jpg","datePublished":"2025-02-03T15:59:32+00:00","dateModified":"2026-02-04T15:16:50+00:00","description":"Avec ses feuilles allong\u00e9es, ce bouquet d'eucalyptus germ\u00e9 s'int\u00e8gre parfaitement dans les vases en verre pour un style \u00e9pur\u00e9 et organique.","breadcrumb":{"@id":"https:\/\/www.veronneau.com\/fr\/produits\/fleurs-artificielles\/herbes-et-feuillages\/bouquet-deucalyptus-germe-artificiel-15\/#breadcrumb"},"inLanguage":"fr-FR","potentialAction":[{"@type":"ReadAction","target":["https:\/\/www.veronneau.com\/fr\/produits\/fleurs-artificielles\/herbes-et-feuillages\/bouquet-deucalyptus-germe-artificiel-15\/"]}]},{"@type":"ImageObject","inLanguage":"fr-FR","@id":"https:\/\/www.veronneau.com\/fr\/produits\/fleurs-artificielles\/herbes-et-feuillages\/bouquet-deucalyptus-germe-artificiel-15\/#primaryimage","url":"https:\/\/www.veronneau.com\/wp-content\/uploads\/2025\/02\/MTF24648GYGR.jpg","contentUrl":"https:\/\/www.veronneau.com\/wp-content\/uploads\/2025\/02\/MTF24648GYGR.jpg","width":1000,"height":1000},{"@type":"BreadcrumbList","@id":"https:\/\/www.veronneau.com\/fr\/produits\/fleurs-artificielles\/herbes-et-feuillages\/bouquet-deucalyptus-germe-artificiel-15\/#breadcrumb","itemListElement":[{"@type":"ListItem","position":1,"name":"Accueil","item":"https:\/\/www.veronneau.com\/fr\/"},{"@type":"ListItem","position":2,"name":"Boutique","item":"https:\/\/www.veronneau.com\/fr\/boutique\/"},{"@type":"ListItem","position":3,"name":"Fleurs artificielles","item":"https:\/\/www.veronneau.com\/fr\/categorie-produit\/fleurs-artificielles\/"},{"@type":"ListItem","position":4,"name":"Tiges de feuillage artificiel","item":"https:\/\/www.veronneau.com\/fr\/categorie-produit\/fleurs-artificielles\/herbes-et-feuillages\/"},{"@type":"ListItem","position":5,"name":"Bouquet d&rsquo;eucalyptus germ\u00e9 artificiel, 15&Prime;"}]},{"@type":"WebSite","@id":"https:\/\/www.veronneau.com\/fr\/#website","url":"https:\/\/www.veronneau.com\/fr\/","name":"D\u00e9cors V\u00e9ronneau","description":"Magasin de d\u00e9coration int\u00e9rieure - Plantes et fleurs artificielles","publisher":{"@id":"https:\/\/www.veronneau.com\/fr\/#organization"},"alternateName":"D\u00e9cors V\u00e9ronneau","potentialAction":[{"@type":"SearchAction","target":{"@type":"EntryPoint","urlTemplate":"https:\/\/www.veronneau.com\/fr\/?s={search_term_string}"},"query-input":{"@type":"PropertyValueSpecification","valueRequired":true,"valueName":"search_term_string"}}],"inLanguage":"fr-FR"},{"@type":"Organization","@id":"https:\/\/www.veronneau.com\/fr\/#organization","name":"D\u00e9cors V\u00e9ronneau","alternateName":"D\u00e9cors V\u00e9ronneau","url":"https:\/\/www.veronneau.com\/fr\/","logo":{"@type":"ImageObject","inLanguage":"fr-FR","@id":"https:\/\/www.veronneau.com\/fr\/#\/schema\/logo\/image\/","url":"https:\/\/www.veronneau.com\/wp-content\/uploads\/2023\/07\/logo-veronneau.png","contentUrl":"https:\/\/www.veronneau.com\/wp-content\/uploads\/2023\/07\/logo-veronneau.png","width":1200,"height":675,"caption":"D\u00e9cors V\u00e9ronneau"},"image":{"@id":"https:\/\/www.veronneau.com\/fr\/#\/schema\/logo\/image\/"},"sameAs":["https:\/\/www.facebook.com\/decorsveronneau","https:\/\/www.instagram.com\/decorsveronneau\/","https:\/\/www.youtube.com\/@decorsveronneau"]}]}},"_links":{"self":[{"href":"https:\/\/www.veronneau.com\/fr\/wp-json\/wp\/v2\/product\/886937","targetHints":{"allow":["GET"]}}],"collection":[{"href":"https:\/\/www.veronneau.com\/fr\/wp-json\/wp\/v2\/product"}],"about":[{"href":"https:\/\/www.veronneau.com\/fr\/wp-json\/wp\/v2\/types\/product"}],"replies":[{"embeddable":true,"href":"https:\/\/www.veronneau.com\/fr\/wp-json\/wp\/v2\/comments?post=886937"}],"version-history":[{"count":2,"href":"https:\/\/www.veronneau.com\/fr\/wp-json\/wp\/v2\/product\/886937\/revisions"}],"predecessor-version":[{"id":891925,"href":"https:\/\/www.veronneau.com\/fr\/wp-json\/wp\/v2\/product\/886937\/revisions\/891925"}],"wp:featuredmedia":[{"embeddable":true,"href":"https:\/\/www.veronneau.com\/fr\/wp-json\/wp\/v2\/media\/887153"}],"wp:attachment":[{"href":"https:\/\/www.veronneau.com\/fr\/wp-json\/wp\/v2\/media?parent=886937"}],"wp:term":[{"taxonomy":"product_brand","embeddable":true,"href":"https:\/\/www.veronneau.com\/fr\/wp-json\/wp\/v2\/product_brand?post=886937"},{"taxonomy":"product_cat","embeddable":true,"href":"https:\/\/www.veronneau.com\/fr\/wp-json\/wp\/v2\/product_cat?post=886937"},{"taxonomy":"product_tag","embeddable":true,"href":"https:\/\/www.veronneau.com\/fr\/wp-json\/wp\/v2\/product_tag?post=886937"}],"curies":[{"name":"wp","href":"https:\/\/api.w.org\/{rel}","templated":true}]}}