{"id":911852,"date":"2025-09-12T13:23:13","date_gmt":"2025-09-12T17:23:13","guid":{"rendered":"https:\/\/www.veronneau.com\/produits\/non%20class\u00e9\/ornement-boucle-de-noel-creme-en-velours-9\/"},"modified":"2026-09-02T14:05:13","modified_gmt":"2026-09-02T18:05:13","slug":"ornement-boucle-de-noel-creme-en-velours","status":"publish","type":"product","link":"https:\/\/www.veronneau.com\/fr\/produits\/noel\/boules-de-noel-et-ornements\/ornements-blancs-et-creme\/ornement-boucle-de-noel-creme-en-velours\/","title":{"rendered":"Ornement boucle de No\u00ebl cr\u00e8me en velours"},"content":{"rendered":"<p>Rehaussez votre emballage cadeau ou ajoutez l\u2019\u00e9l\u00e9ment final \u00e0 votre arbre de No\u00ebl avec ce n\u0153ud classique et polyvalent de couleur cr\u00e8me! Sa taille g\u00e9n\u00e9reuse en fait une pi\u00e8ce ma\u00eetresse attrayante pour vos cadeaux, couronnes, guirlandes et autres. Choisissez entre 2 formats (9 ou 13 pouces), prix unitaire.<\/p>\n","protected":false},"excerpt":{"rendered":"<p>Rehaussez votre emballage cadeau ou ajoutez l\u2019\u00e9l\u00e9ment final \u00e0 votre arbre de No\u00ebl avec ce n\u0153ud classique et polyvalent de couleur cr\u00e8me! Sa taille g\u00e9n\u00e9reuse en fait une pi\u00e8ce ma\u00eetresse attrayante pour vos cadeaux, couronnes, guirlandes et autres. Choisissez entre 2 formats (9 ou 13 pouces), prix unitaire.<\/p>\n","protected":false},"featured_media":912011,"comment_status":"open","ping_status":"closed","template":"","meta":[],"product_brand":[],"product_cat":[85932,86084],"product_tag":[],"class_list":["post-911852","product","type-product","status-publish","has-post-thumbnail","product_cat-emballages-cadeaux-tulles-et-rubans","product_cat-ornements-blancs-et-creme","first","outofstock","taxable","shipping-taxable","product-type-variable"],"yoast_head":"<!-- This site is optimized with the Yoast SEO plugin v28.3 - https:\/\/yoast.com\/product\/yoast-seo-wordpress\/ -->\n<title>Ornement boucle de No\u00ebl cr\u00e8me en velours - D\u00e9cors V\u00e9ronneau<\/title>\n<meta name=\"description\" content=\"Rehaussez votre emballage cadeau ou ajoutez l\u2019\u00e9l\u00e9ment final \u00e0 votre arbre de No\u00ebl avec ce n\u0153ud classique et polyvalent de couleur cr\u00e8me!\" \/>\n<meta name=\"robots\" content=\"index, follow, max-snippet:-1, max-image-preview:large, max-video-preview:-1\" \/>\n<link rel=\"canonical\" href=\"https:\/\/www.veronneau.com\/fr\/produits\/noel\/boules-de-noel-et-ornements\/ornements-blancs-et-creme\/ornement-boucle-de-noel-creme-en-velours\/\" \/>\n<meta property=\"og:locale\" content=\"fr_FR\" \/>\n<meta property=\"og:type\" content=\"article\" \/>\n<meta property=\"og:title\" content=\"Ornement boucle de No\u00ebl cr\u00e8me en velours\" \/>\n<meta property=\"og:description\" content=\"Rehaussez votre emballage cadeau ou ajoutez l\u2019\u00e9l\u00e9ment final \u00e0 votre arbre de No\u00ebl avec ce n\u0153ud classique et polyvalent de couleur cr\u00e8me!\" \/>\n<meta property=\"og:url\" content=\"https:\/\/www.veronneau.com\/fr\/produits\/noel\/boules-de-noel-et-ornements\/ornements-blancs-et-creme\/ornement-boucle-de-noel-creme-en-velours\/\" \/>\n<meta property=\"og:site_name\" content=\"D\u00e9cors V\u00e9ronneau\" \/>\n<meta property=\"article:publisher\" content=\"https:\/\/www.facebook.com\/decorsveronneau\" \/>\n<meta property=\"article:modified_time\" content=\"2026-09-02T18:05:13+00:00\" \/>\n<meta property=\"og:image\" content=\"https:\/\/www.veronneau.com\/wp-content\/uploads\/2025\/09\/1180379-1180391.jpg\" \/>\n\t<meta property=\"og:image:width\" content=\"1000\" \/>\n\t<meta property=\"og:image:height\" content=\"1000\" \/>\n\t<meta property=\"og:image:type\" content=\"image\/jpeg\" \/>\n<meta name=\"twitter:card\" content=\"summary_large_image\" \/>\n<meta name=\"twitter:label1\" content=\"Dur\u00e9e de lecture estim\u00e9e\" \/>\n\t<meta name=\"twitter:data1\" content=\"1 minute\" \/>\n<script type=\"application\/ld+json\" class=\"yoast-schema-graph\">{\"@context\":\"https:\\\/\\\/schema.org\",\"@graph\":[{\"@type\":[\"WebPage\",\"ItemPage\"],\"@id\":\"https:\\\/\\\/www.veronneau.com\\\/fr\\\/produits\\\/noel\\\/boules-de-noel-et-ornements\\\/ornements-blancs-et-creme\\\/ornement-boucle-de-noel-creme-en-velours\\\/\",\"url\":\"https:\\\/\\\/www.veronneau.com\\\/fr\\\/produits\\\/noel\\\/boules-de-noel-et-ornements\\\/ornements-blancs-et-creme\\\/ornement-boucle-de-noel-creme-en-velours\\\/\",\"name\":\"Ornement boucle de No\u00ebl cr\u00e8me en velours\",\"isPartOf\":{\"@id\":\"https:\\\/\\\/www.veronneau.com\\\/fr\\\/#website\"},\"primaryImageOfPage\":{\"@id\":\"https:\\\/\\\/www.veronneau.com\\\/fr\\\/produits\\\/noel\\\/boules-de-noel-et-ornements\\\/ornements-blancs-et-creme\\\/ornement-boucle-de-noel-creme-en-velours\\\/#primaryimage\"},\"image\":{\"@id\":\"https:\\\/\\\/www.veronneau.com\\\/fr\\\/produits\\\/noel\\\/boules-de-noel-et-ornements\\\/ornements-blancs-et-creme\\\/ornement-boucle-de-noel-creme-en-velours\\\/#primaryimage\"},\"thumbnailUrl\":\"https:\\\/\\\/www.veronneau.com\\\/wp-content\\\/uploads\\\/2025\\\/09\\\/1180379-1180391.jpg\",\"datePublished\":\"2025-09-12T17:23:13+00:00\",\"dateModified\":\"2026-09-02T18:05:13+00:00\",\"description\":\"Rehaussez votre emballage cadeau ou ajoutez l\u2019\u00e9l\u00e9ment final \u00e0 votre arbre de No\u00ebl avec ce n\u0153ud classique et polyvalent de couleur cr\u00e8me!\",\"breadcrumb\":{\"@id\":\"https:\\\/\\\/www.veronneau.com\\\/fr\\\/produits\\\/noel\\\/boules-de-noel-et-ornements\\\/ornements-blancs-et-creme\\\/ornement-boucle-de-noel-creme-en-velours\\\/#breadcrumb\"},\"inLanguage\":\"fr-FR\",\"potentialAction\":[{\"@type\":\"ReadAction\",\"target\":[\"https:\\\/\\\/www.veronneau.com\\\/fr\\\/produits\\\/noel\\\/boules-de-noel-et-ornements\\\/ornements-blancs-et-creme\\\/ornement-boucle-de-noel-creme-en-velours\\\/\"]}]},{\"@type\":\"ImageObject\",\"inLanguage\":\"fr-FR\",\"@id\":\"https:\\\/\\\/www.veronneau.com\\\/fr\\\/produits\\\/noel\\\/boules-de-noel-et-ornements\\\/ornements-blancs-et-creme\\\/ornement-boucle-de-noel-creme-en-velours\\\/#primaryimage\",\"url\":\"https:\\\/\\\/www.veronneau.com\\\/wp-content\\\/uploads\\\/2025\\\/09\\\/1180379-1180391.jpg\",\"contentUrl\":\"https:\\\/\\\/www.veronneau.com\\\/wp-content\\\/uploads\\\/2025\\\/09\\\/1180379-1180391.jpg\",\"width\":1000,\"height\":1000,\"caption\":\"Ornement boucle de No\u00ebl cr\u00e8me en velours\"},{\"@type\":\"BreadcrumbList\",\"@id\":\"https:\\\/\\\/www.veronneau.com\\\/fr\\\/produits\\\/noel\\\/boules-de-noel-et-ornements\\\/ornements-blancs-et-creme\\\/ornement-boucle-de-noel-creme-en-velours\\\/#breadcrumb\",\"itemListElement\":[{\"@type\":\"ListItem\",\"position\":1,\"name\":\"Accueil\",\"item\":\"https:\\\/\\\/www.veronneau.com\\\/fr\\\/\"},{\"@type\":\"ListItem\",\"position\":2,\"name\":\"Boutique\",\"item\":\"https:\\\/\\\/www.veronneau.com\\\/fr\\\/boutique\\\/\"},{\"@type\":\"ListItem\",\"position\":3,\"name\":\"D\u00e9corations de No\u00ebl\",\"item\":\"https:\\\/\\\/www.veronneau.com\\\/fr\\\/categorie-produit\\\/noel\\\/\"},{\"@type\":\"ListItem\",\"position\":4,\"name\":\"Boules de No\u00ebl\",\"item\":\"https:\\\/\\\/www.veronneau.com\\\/fr\\\/categorie-produit\\\/noel\\\/boules-de-noel-et-ornements\\\/\"},{\"@type\":\"ListItem\",\"position\":5,\"name\":\"Ornements blancs\",\"item\":\"https:\\\/\\\/www.veronneau.com\\\/fr\\\/categorie-produit\\\/noel\\\/boules-de-noel-et-ornements\\\/ornements-blancs-et-creme\\\/\"},{\"@type\":\"ListItem\",\"position\":6,\"name\":\"Ornement boucle de No\u00ebl cr\u00e8me en velours\"}]},{\"@type\":\"WebSite\",\"@id\":\"https:\\\/\\\/www.veronneau.com\\\/fr\\\/#website\",\"url\":\"https:\\\/\\\/www.veronneau.com\\\/fr\\\/\",\"name\":\"D\u00e9cors V\u00e9ronneau\",\"description\":\"Magasin de d\u00e9coration int\u00e9rieure - Plantes et fleurs artificielles\",\"publisher\":{\"@id\":\"https:\\\/\\\/www.veronneau.com\\\/fr\\\/#organization\"},\"alternateName\":\"D\u00e9cors V\u00e9ronneau\",\"potentialAction\":[{\"@type\":\"SearchAction\",\"target\":{\"@type\":\"EntryPoint\",\"urlTemplate\":\"https:\\\/\\\/www.veronneau.com\\\/fr\\\/?s={search_term_string}\"},\"query-input\":{\"@type\":\"PropertyValueSpecification\",\"valueRequired\":true,\"valueName\":\"search_term_string\"}}],\"inLanguage\":\"fr-FR\"},{\"@type\":\"Organization\",\"@id\":\"https:\\\/\\\/www.veronneau.com\\\/fr\\\/#organization\",\"name\":\"D\u00e9cors V\u00e9ronneau\",\"alternateName\":\"D\u00e9cors V\u00e9ronneau\",\"url\":\"https:\\\/\\\/www.veronneau.com\\\/fr\\\/\",\"logo\":{\"@type\":\"ImageObject\",\"inLanguage\":\"fr-FR\",\"@id\":\"https:\\\/\\\/www.veronneau.com\\\/fr\\\/#\\\/schema\\\/logo\\\/image\\\/\",\"url\":\"https:\\\/\\\/www.veronneau.com\\\/wp-content\\\/uploads\\\/2023\\\/07\\\/logo-veronneau.png\",\"contentUrl\":\"https:\\\/\\\/www.veronneau.com\\\/wp-content\\\/uploads\\\/2023\\\/07\\\/logo-veronneau.png\",\"width\":1200,\"height\":675,\"caption\":\"D\u00e9cors V\u00e9ronneau\"},\"image\":{\"@id\":\"https:\\\/\\\/www.veronneau.com\\\/fr\\\/#\\\/schema\\\/logo\\\/image\\\/\"},\"sameAs\":[\"https:\\\/\\\/www.facebook.com\\\/decorsveronneau\",\"https:\\\/\\\/www.instagram.com\\\/decorsveronneau\\\/\",\"https:\\\/\\\/www.youtube.com\\\/@decorsveronneau\"]}]}<\/script>\n<!-- \/ Yoast SEO plugin. -->","yoast_head_json":{"title":"Ornement boucle de No\u00ebl cr\u00e8me en velours - D\u00e9cors V\u00e9ronneau","description":"Rehaussez votre emballage cadeau ou ajoutez l\u2019\u00e9l\u00e9ment final \u00e0 votre arbre de No\u00ebl avec ce n\u0153ud classique et polyvalent de couleur cr\u00e8me!","robots":{"index":"index","follow":"follow","max-snippet":"max-snippet:-1","max-image-preview":"max-image-preview:large","max-video-preview":"max-video-preview:-1"},"canonical":"https:\/\/www.veronneau.com\/fr\/produits\/noel\/boules-de-noel-et-ornements\/ornements-blancs-et-creme\/ornement-boucle-de-noel-creme-en-velours\/","og_locale":"fr_FR","og_type":"article","og_title":"Ornement boucle de No\u00ebl cr\u00e8me en velours","og_description":"Rehaussez votre emballage cadeau ou ajoutez l\u2019\u00e9l\u00e9ment final \u00e0 votre arbre de No\u00ebl avec ce n\u0153ud classique et polyvalent de couleur cr\u00e8me!","og_url":"https:\/\/www.veronneau.com\/fr\/produits\/noel\/boules-de-noel-et-ornements\/ornements-blancs-et-creme\/ornement-boucle-de-noel-creme-en-velours\/","og_site_name":"D\u00e9cors V\u00e9ronneau","article_publisher":"https:\/\/www.facebook.com\/decorsveronneau","article_modified_time":"2026-09-02T18:05:13+00:00","og_image":[{"width":1000,"height":1000,"url":"https:\/\/www.veronneau.com\/wp-content\/uploads\/2025\/09\/1180379-1180391.jpg","type":"image\/jpeg"}],"twitter_card":"summary_large_image","twitter_misc":{"Dur\u00e9e de lecture estim\u00e9e":"1 minute"},"schema":{"@context":"https:\/\/schema.org","@graph":[{"@type":["WebPage","ItemPage"],"@id":"https:\/\/www.veronneau.com\/fr\/produits\/noel\/boules-de-noel-et-ornements\/ornements-blancs-et-creme\/ornement-boucle-de-noel-creme-en-velours\/","url":"https:\/\/www.veronneau.com\/fr\/produits\/noel\/boules-de-noel-et-ornements\/ornements-blancs-et-creme\/ornement-boucle-de-noel-creme-en-velours\/","name":"Ornement boucle de No\u00ebl cr\u00e8me en velours","isPartOf":{"@id":"https:\/\/www.veronneau.com\/fr\/#website"},"primaryImageOfPage":{"@id":"https:\/\/www.veronneau.com\/fr\/produits\/noel\/boules-de-noel-et-ornements\/ornements-blancs-et-creme\/ornement-boucle-de-noel-creme-en-velours\/#primaryimage"},"image":{"@id":"https:\/\/www.veronneau.com\/fr\/produits\/noel\/boules-de-noel-et-ornements\/ornements-blancs-et-creme\/ornement-boucle-de-noel-creme-en-velours\/#primaryimage"},"thumbnailUrl":"https:\/\/www.veronneau.com\/wp-content\/uploads\/2025\/09\/1180379-1180391.jpg","datePublished":"2025-09-12T17:23:13+00:00","dateModified":"2026-09-02T18:05:13+00:00","description":"Rehaussez votre emballage cadeau ou ajoutez l\u2019\u00e9l\u00e9ment final \u00e0 votre arbre de No\u00ebl avec ce n\u0153ud classique et polyvalent de couleur cr\u00e8me!","breadcrumb":{"@id":"https:\/\/www.veronneau.com\/fr\/produits\/noel\/boules-de-noel-et-ornements\/ornements-blancs-et-creme\/ornement-boucle-de-noel-creme-en-velours\/#breadcrumb"},"inLanguage":"fr-FR","potentialAction":[{"@type":"ReadAction","target":["https:\/\/www.veronneau.com\/fr\/produits\/noel\/boules-de-noel-et-ornements\/ornements-blancs-et-creme\/ornement-boucle-de-noel-creme-en-velours\/"]}]},{"@type":"ImageObject","inLanguage":"fr-FR","@id":"https:\/\/www.veronneau.com\/fr\/produits\/noel\/boules-de-noel-et-ornements\/ornements-blancs-et-creme\/ornement-boucle-de-noel-creme-en-velours\/#primaryimage","url":"https:\/\/www.veronneau.com\/wp-content\/uploads\/2025\/09\/1180379-1180391.jpg","contentUrl":"https:\/\/www.veronneau.com\/wp-content\/uploads\/2025\/09\/1180379-1180391.jpg","width":1000,"height":1000,"caption":"Ornement boucle de No\u00ebl cr\u00e8me en velours"},{"@type":"BreadcrumbList","@id":"https:\/\/www.veronneau.com\/fr\/produits\/noel\/boules-de-noel-et-ornements\/ornements-blancs-et-creme\/ornement-boucle-de-noel-creme-en-velours\/#breadcrumb","itemListElement":[{"@type":"ListItem","position":1,"name":"Accueil","item":"https:\/\/www.veronneau.com\/fr\/"},{"@type":"ListItem","position":2,"name":"Boutique","item":"https:\/\/www.veronneau.com\/fr\/boutique\/"},{"@type":"ListItem","position":3,"name":"D\u00e9corations de No\u00ebl","item":"https:\/\/www.veronneau.com\/fr\/categorie-produit\/noel\/"},{"@type":"ListItem","position":4,"name":"Boules de No\u00ebl","item":"https:\/\/www.veronneau.com\/fr\/categorie-produit\/noel\/boules-de-noel-et-ornements\/"},{"@type":"ListItem","position":5,"name":"Ornements blancs","item":"https:\/\/www.veronneau.com\/fr\/categorie-produit\/noel\/boules-de-noel-et-ornements\/ornements-blancs-et-creme\/"},{"@type":"ListItem","position":6,"name":"Ornement boucle de No\u00ebl cr\u00e8me en velours"}]},{"@type":"WebSite","@id":"https:\/\/www.veronneau.com\/fr\/#website","url":"https:\/\/www.veronneau.com\/fr\/","name":"D\u00e9cors V\u00e9ronneau","description":"Magasin de d\u00e9coration int\u00e9rieure - Plantes et fleurs artificielles","publisher":{"@id":"https:\/\/www.veronneau.com\/fr\/#organization"},"alternateName":"D\u00e9cors V\u00e9ronneau","potentialAction":[{"@type":"SearchAction","target":{"@type":"EntryPoint","urlTemplate":"https:\/\/www.veronneau.com\/fr\/?s={search_term_string}"},"query-input":{"@type":"PropertyValueSpecification","valueRequired":true,"valueName":"search_term_string"}}],"inLanguage":"fr-FR"},{"@type":"Organization","@id":"https:\/\/www.veronneau.com\/fr\/#organization","name":"D\u00e9cors V\u00e9ronneau","alternateName":"D\u00e9cors V\u00e9ronneau","url":"https:\/\/www.veronneau.com\/fr\/","logo":{"@type":"ImageObject","inLanguage":"fr-FR","@id":"https:\/\/www.veronneau.com\/fr\/#\/schema\/logo\/image\/","url":"https:\/\/www.veronneau.com\/wp-content\/uploads\/2023\/07\/logo-veronneau.png","contentUrl":"https:\/\/www.veronneau.com\/wp-content\/uploads\/2023\/07\/logo-veronneau.png","width":1200,"height":675,"caption":"D\u00e9cors V\u00e9ronneau"},"image":{"@id":"https:\/\/www.veronneau.com\/fr\/#\/schema\/logo\/image\/"},"sameAs":["https:\/\/www.facebook.com\/decorsveronneau","https:\/\/www.instagram.com\/decorsveronneau\/","https:\/\/www.youtube.com\/@decorsveronneau"]}]}},"_links":{"self":[{"href":"https:\/\/www.veronneau.com\/fr\/wp-json\/wp\/v2\/product\/911852","targetHints":{"allow":["GET"]}}],"collection":[{"href":"https:\/\/www.veronneau.com\/fr\/wp-json\/wp\/v2\/product"}],"about":[{"href":"https:\/\/www.veronneau.com\/fr\/wp-json\/wp\/v2\/types\/product"}],"replies":[{"embeddable":true,"href":"https:\/\/www.veronneau.com\/fr\/wp-json\/wp\/v2\/comments?post=911852"}],"version-history":[{"count":1,"href":"https:\/\/www.veronneau.com\/fr\/wp-json\/wp\/v2\/product\/911852\/revisions"}],"predecessor-version":[{"id":911950,"href":"https:\/\/www.veronneau.com\/fr\/wp-json\/wp\/v2\/product\/911852\/revisions\/911950"}],"wp:featuredmedia":[{"embeddable":true,"href":"https:\/\/www.veronneau.com\/fr\/wp-json\/wp\/v2\/media\/912011"}],"wp:attachment":[{"href":"https:\/\/www.veronneau.com\/fr\/wp-json\/wp\/v2\/media?parent=911852"}],"wp:term":[{"taxonomy":"product_brand","embeddable":true,"href":"https:\/\/www.veronneau.com\/fr\/wp-json\/wp\/v2\/product_brand?post=911852"},{"taxonomy":"product_cat","embeddable":true,"href":"https:\/\/www.veronneau.com\/fr\/wp-json\/wp\/v2\/product_cat?post=911852"},{"taxonomy":"product_tag","embeddable":true,"href":"https:\/\/www.veronneau.com\/fr\/wp-json\/wp\/v2\/product_tag?post=911852"}],"curies":[{"name":"wp","href":"https:\/\/api.w.org\/{rel}","templated":true}]}}