{"id":943331,"date":"2026-08-19T11:29:06","date_gmt":"2026-08-19T15:29:06","guid":{"rendered":"https:\/\/www.veronneau.com\/produits\/non%20class\u00e9\/ornement-colibri-en-verre-souffle-vert-35\/"},"modified":"2026-08-21T13:38:40","modified_gmt":"2026-08-21T17:38:40","slug":"ornement-colibri-en-verre-souffle-vert-35","status":"publish","type":"product","link":"https:\/\/www.veronneau.com\/fr\/produits\/noel\/boules-de-noel-et-ornements\/ornements-verts\/ornement-colibri-en-verre-souffle-vert-35\/","title":{"rendered":"Ornement colibri en verre souffl\u00e9 vert, 3,5&Prime;"},"content":{"rendered":"<p>Donnez du caract\u00e8re \u00e0 votre sapin avec cet \u00e9l\u00e9gant ornement en forme de colibri, r\u00e9alis\u00e9 en verre souffl\u00e9 \u00e0 la bouche. Son verre clair rehauss\u00e9 de d\u00e9tails verts met en valeur une silhouette d\u00e9licate et lumineuse, parfaite pour cr\u00e9er un d\u00e9cor de No\u00ebl raffin\u00e9 et original.<\/p>\n<p>Fa\u00e7onn\u00e9 \u00e0 la main par des artisans verriers qualifi\u00e9s au Caire, en \u00c9gypte, chaque colibri pr\u00e9sente de l\u00e9g\u00e8res variations qui t\u00e9moignent de son caract\u00e8re artisanal. Les nuances, les d\u00e9tails et la forme peuvent donc diff\u00e9rer l\u00e9g\u00e8rement d\u2019une pi\u00e8ce \u00e0 l\u2019autre, rendant chaque ornement unique.<\/p>\n<p>\u00c0 suspendre seul pour en faire un point d\u2019int\u00e9r\u00eat ou \u00e0 combiner avec d\u2019autres ornements en verre, ce colibri apporte une touche de l\u00e9g\u00e8ret\u00e9 et de nature \u00e0 votre d\u00e9coration des F\u00eates.<\/p>\n","protected":false},"excerpt":{"rendered":"<p>Donnez du caract\u00e8re \u00e0 votre sapin avec cet \u00e9l\u00e9gant ornement en forme de colibri, r\u00e9alis\u00e9 en verre souffl\u00e9 \u00e0 la bouche. Son verre clair rehauss\u00e9 de d\u00e9tails verts met en valeur une silhouette d\u00e9licate et lumineuse, parfaite pour cr\u00e9er un d\u00e9cor de No\u00ebl raffin\u00e9 et original. Fa\u00e7onn\u00e9 \u00e0 la main par des artisans verriers qualifi\u00e9s [&hellip;]<\/p>\n","protected":false},"featured_media":944870,"comment_status":"open","ping_status":"closed","template":"","meta":[],"product_brand":[],"product_cat":[86072],"product_tag":[],"class_list":["post-943331","product","type-product","status-publish","has-post-thumbnail","product_cat-ornements-verts","first","instock","taxable","shipping-taxable","purchasable","product-type-simple"],"yoast_head":"<!-- This site is optimized with the Yoast SEO plugin v28.3 - https:\/\/yoast.com\/product\/yoast-seo-wordpress\/ -->\n<title>Ornement colibri en verre souffl\u00e9 vert, 3,5&#039;&#039; - D\u00e9cors V\u00e9ronneau<\/title>\n<meta name=\"description\" content=\"Donnez du caract\u00e8re \u00e0 votre sapin avec cet \u00e9l\u00e9gant ornement en forme de colibri, r\u00e9alis\u00e9 en verre souffl\u00e9 \u00e0 la bouche.\" \/>\n<meta name=\"robots\" content=\"index, follow, max-snippet:-1, max-image-preview:large, max-video-preview:-1\" \/>\n<link rel=\"canonical\" href=\"https:\/\/www.veronneau.com\/fr\/produits\/noel\/boules-de-noel-et-ornements\/ornements-verts\/ornement-colibri-en-verre-souffle-vert-35\/\" \/>\n<meta property=\"og:locale\" content=\"fr_FR\" \/>\n<meta property=\"og:type\" content=\"article\" \/>\n<meta property=\"og:title\" content=\"Ornement colibri en verre souffl\u00e9 vert, 3,5&#039;&#039;\" \/>\n<meta property=\"og:description\" content=\"Donnez du caract\u00e8re \u00e0 votre sapin avec cet \u00e9l\u00e9gant ornement en forme de colibri, r\u00e9alis\u00e9 en verre souffl\u00e9 \u00e0 la bouche.\" \/>\n<meta property=\"og:url\" content=\"https:\/\/www.veronneau.com\/fr\/produits\/noel\/boules-de-noel-et-ornements\/ornements-verts\/ornement-colibri-en-verre-souffle-vert-35\/\" \/>\n<meta property=\"og:site_name\" content=\"D\u00e9cors V\u00e9ronneau\" \/>\n<meta property=\"article:publisher\" content=\"https:\/\/www.facebook.com\/decorsveronneau\" \/>\n<meta property=\"article:modified_time\" content=\"2026-08-21T17:38:40+00:00\" \/>\n<meta property=\"og:image\" content=\"https:\/\/www.veronneau.com\/wp-content\/uploads\/2026\/08\/MGD3037ORNLRGMRB005W-Ornement-colibri-en-verre-souffle-vert.jpg\" \/>\n\t<meta property=\"og:image:width\" content=\"1000\" \/>\n\t<meta property=\"og:image:height\" content=\"1000\" \/>\n\t<meta property=\"og:image:type\" content=\"image\/jpeg\" \/>\n<meta name=\"twitter:card\" content=\"summary_large_image\" \/>\n<meta name=\"twitter:label1\" content=\"Dur\u00e9e de lecture estim\u00e9e\" \/>\n\t<meta name=\"twitter:data1\" content=\"1 minute\" \/>\n<script type=\"application\/ld+json\" class=\"yoast-schema-graph\">{\"@context\":\"https:\\\/\\\/schema.org\",\"@graph\":[{\"@type\":[\"WebPage\",\"ItemPage\"],\"@id\":\"https:\\\/\\\/www.veronneau.com\\\/fr\\\/produits\\\/noel\\\/boules-de-noel-et-ornements\\\/ornements-verts\\\/ornement-colibri-en-verre-souffle-vert-35\\\/\",\"url\":\"https:\\\/\\\/www.veronneau.com\\\/fr\\\/produits\\\/noel\\\/boules-de-noel-et-ornements\\\/ornements-verts\\\/ornement-colibri-en-verre-souffle-vert-35\\\/\",\"name\":\"Ornement colibri en verre souffl\u00e9 vert, 3,5''\",\"isPartOf\":{\"@id\":\"https:\\\/\\\/www.veronneau.com\\\/fr\\\/#website\"},\"primaryImageOfPage\":{\"@id\":\"https:\\\/\\\/www.veronneau.com\\\/fr\\\/produits\\\/noel\\\/boules-de-noel-et-ornements\\\/ornements-verts\\\/ornement-colibri-en-verre-souffle-vert-35\\\/#primaryimage\"},\"image\":{\"@id\":\"https:\\\/\\\/www.veronneau.com\\\/fr\\\/produits\\\/noel\\\/boules-de-noel-et-ornements\\\/ornements-verts\\\/ornement-colibri-en-verre-souffle-vert-35\\\/#primaryimage\"},\"thumbnailUrl\":\"https:\\\/\\\/www.veronneau.com\\\/wp-content\\\/uploads\\\/2026\\\/08\\\/MGD3037ORNLRGMRB005W-Ornement-colibri-en-verre-souffle-vert.jpg\",\"datePublished\":\"2026-08-19T15:29:06+00:00\",\"dateModified\":\"2026-08-21T17:38:40+00:00\",\"description\":\"Donnez du caract\u00e8re \u00e0 votre sapin avec cet \u00e9l\u00e9gant ornement en forme de colibri, r\u00e9alis\u00e9 en verre souffl\u00e9 \u00e0 la bouche.\",\"breadcrumb\":{\"@id\":\"https:\\\/\\\/www.veronneau.com\\\/fr\\\/produits\\\/noel\\\/boules-de-noel-et-ornements\\\/ornements-verts\\\/ornement-colibri-en-verre-souffle-vert-35\\\/#breadcrumb\"},\"inLanguage\":\"fr-FR\",\"potentialAction\":[{\"@type\":\"ReadAction\",\"target\":[\"https:\\\/\\\/www.veronneau.com\\\/fr\\\/produits\\\/noel\\\/boules-de-noel-et-ornements\\\/ornements-verts\\\/ornement-colibri-en-verre-souffle-vert-35\\\/\"]}]},{\"@type\":\"ImageObject\",\"inLanguage\":\"fr-FR\",\"@id\":\"https:\\\/\\\/www.veronneau.com\\\/fr\\\/produits\\\/noel\\\/boules-de-noel-et-ornements\\\/ornements-verts\\\/ornement-colibri-en-verre-souffle-vert-35\\\/#primaryimage\",\"url\":\"https:\\\/\\\/www.veronneau.com\\\/wp-content\\\/uploads\\\/2026\\\/08\\\/MGD3037ORNLRGMRB005W-Ornement-colibri-en-verre-souffle-vert.jpg\",\"contentUrl\":\"https:\\\/\\\/www.veronneau.com\\\/wp-content\\\/uploads\\\/2026\\\/08\\\/MGD3037ORNLRGMRB005W-Ornement-colibri-en-verre-souffle-vert.jpg\",\"width\":1000,\"height\":1000,\"caption\":\"Ornement colibri en verre souffl\u00e9 vert\"},{\"@type\":\"BreadcrumbList\",\"@id\":\"https:\\\/\\\/www.veronneau.com\\\/fr\\\/produits\\\/noel\\\/boules-de-noel-et-ornements\\\/ornements-verts\\\/ornement-colibri-en-verre-souffle-vert-35\\\/#breadcrumb\",\"itemListElement\":[{\"@type\":\"ListItem\",\"position\":1,\"name\":\"Accueil\",\"item\":\"https:\\\/\\\/www.veronneau.com\\\/fr\\\/\"},{\"@type\":\"ListItem\",\"position\":2,\"name\":\"Boutique\",\"item\":\"https:\\\/\\\/www.veronneau.com\\\/fr\\\/boutique\\\/\"},{\"@type\":\"ListItem\",\"position\":3,\"name\":\"D\u00e9corations de No\u00ebl\",\"item\":\"https:\\\/\\\/www.veronneau.com\\\/fr\\\/categorie-produit\\\/noel\\\/\"},{\"@type\":\"ListItem\",\"position\":4,\"name\":\"Boules de No\u00ebl\",\"item\":\"https:\\\/\\\/www.veronneau.com\\\/fr\\\/categorie-produit\\\/noel\\\/boules-de-noel-et-ornements\\\/\"},{\"@type\":\"ListItem\",\"position\":5,\"name\":\"Ornements verts\",\"item\":\"https:\\\/\\\/www.veronneau.com\\\/fr\\\/categorie-produit\\\/noel\\\/boules-de-noel-et-ornements\\\/ornements-verts\\\/\"},{\"@type\":\"ListItem\",\"position\":6,\"name\":\"Ornement colibri en verre souffl\u00e9 vert, 3,5&Prime;\"}]},{\"@type\":\"WebSite\",\"@id\":\"https:\\\/\\\/www.veronneau.com\\\/fr\\\/#website\",\"url\":\"https:\\\/\\\/www.veronneau.com\\\/fr\\\/\",\"name\":\"D\u00e9cors V\u00e9ronneau\",\"description\":\"Magasin de d\u00e9coration int\u00e9rieure - Plantes et fleurs artificielles\",\"publisher\":{\"@id\":\"https:\\\/\\\/www.veronneau.com\\\/fr\\\/#organization\"},\"alternateName\":\"D\u00e9cors V\u00e9ronneau\",\"potentialAction\":[{\"@type\":\"SearchAction\",\"target\":{\"@type\":\"EntryPoint\",\"urlTemplate\":\"https:\\\/\\\/www.veronneau.com\\\/fr\\\/?s={search_term_string}\"},\"query-input\":{\"@type\":\"PropertyValueSpecification\",\"valueRequired\":true,\"valueName\":\"search_term_string\"}}],\"inLanguage\":\"fr-FR\"},{\"@type\":\"Organization\",\"@id\":\"https:\\\/\\\/www.veronneau.com\\\/fr\\\/#organization\",\"name\":\"D\u00e9cors V\u00e9ronneau\",\"alternateName\":\"D\u00e9cors V\u00e9ronneau\",\"url\":\"https:\\\/\\\/www.veronneau.com\\\/fr\\\/\",\"logo\":{\"@type\":\"ImageObject\",\"inLanguage\":\"fr-FR\",\"@id\":\"https:\\\/\\\/www.veronneau.com\\\/fr\\\/#\\\/schema\\\/logo\\\/image\\\/\",\"url\":\"https:\\\/\\\/www.veronneau.com\\\/wp-content\\\/uploads\\\/2023\\\/07\\\/logo-veronneau.png\",\"contentUrl\":\"https:\\\/\\\/www.veronneau.com\\\/wp-content\\\/uploads\\\/2023\\\/07\\\/logo-veronneau.png\",\"width\":1200,\"height\":675,\"caption\":\"D\u00e9cors V\u00e9ronneau\"},\"image\":{\"@id\":\"https:\\\/\\\/www.veronneau.com\\\/fr\\\/#\\\/schema\\\/logo\\\/image\\\/\"},\"sameAs\":[\"https:\\\/\\\/www.facebook.com\\\/decorsveronneau\",\"https:\\\/\\\/www.instagram.com\\\/decorsveronneau\\\/\",\"https:\\\/\\\/www.youtube.com\\\/@decorsveronneau\"]}]}<\/script>\n<!-- \/ Yoast SEO plugin. -->","yoast_head_json":{"title":"Ornement colibri en verre souffl\u00e9 vert, 3,5'' - D\u00e9cors V\u00e9ronneau","description":"Donnez du caract\u00e8re \u00e0 votre sapin avec cet \u00e9l\u00e9gant ornement en forme de colibri, r\u00e9alis\u00e9 en verre souffl\u00e9 \u00e0 la bouche.","robots":{"index":"index","follow":"follow","max-snippet":"max-snippet:-1","max-image-preview":"max-image-preview:large","max-video-preview":"max-video-preview:-1"},"canonical":"https:\/\/www.veronneau.com\/fr\/produits\/noel\/boules-de-noel-et-ornements\/ornements-verts\/ornement-colibri-en-verre-souffle-vert-35\/","og_locale":"fr_FR","og_type":"article","og_title":"Ornement colibri en verre souffl\u00e9 vert, 3,5''","og_description":"Donnez du caract\u00e8re \u00e0 votre sapin avec cet \u00e9l\u00e9gant ornement en forme de colibri, r\u00e9alis\u00e9 en verre souffl\u00e9 \u00e0 la bouche.","og_url":"https:\/\/www.veronneau.com\/fr\/produits\/noel\/boules-de-noel-et-ornements\/ornements-verts\/ornement-colibri-en-verre-souffle-vert-35\/","og_site_name":"D\u00e9cors V\u00e9ronneau","article_publisher":"https:\/\/www.facebook.com\/decorsveronneau","article_modified_time":"2026-08-21T17:38:40+00:00","og_image":[{"width":1000,"height":1000,"url":"https:\/\/www.veronneau.com\/wp-content\/uploads\/2026\/08\/MGD3037ORNLRGMRB005W-Ornement-colibri-en-verre-souffle-vert.jpg","type":"image\/jpeg"}],"twitter_card":"summary_large_image","twitter_misc":{"Dur\u00e9e de lecture estim\u00e9e":"1 minute"},"schema":{"@context":"https:\/\/schema.org","@graph":[{"@type":["WebPage","ItemPage"],"@id":"https:\/\/www.veronneau.com\/fr\/produits\/noel\/boules-de-noel-et-ornements\/ornements-verts\/ornement-colibri-en-verre-souffle-vert-35\/","url":"https:\/\/www.veronneau.com\/fr\/produits\/noel\/boules-de-noel-et-ornements\/ornements-verts\/ornement-colibri-en-verre-souffle-vert-35\/","name":"Ornement colibri en verre souffl\u00e9 vert, 3,5''","isPartOf":{"@id":"https:\/\/www.veronneau.com\/fr\/#website"},"primaryImageOfPage":{"@id":"https:\/\/www.veronneau.com\/fr\/produits\/noel\/boules-de-noel-et-ornements\/ornements-verts\/ornement-colibri-en-verre-souffle-vert-35\/#primaryimage"},"image":{"@id":"https:\/\/www.veronneau.com\/fr\/produits\/noel\/boules-de-noel-et-ornements\/ornements-verts\/ornement-colibri-en-verre-souffle-vert-35\/#primaryimage"},"thumbnailUrl":"https:\/\/www.veronneau.com\/wp-content\/uploads\/2026\/08\/MGD3037ORNLRGMRB005W-Ornement-colibri-en-verre-souffle-vert.jpg","datePublished":"2026-08-19T15:29:06+00:00","dateModified":"2026-08-21T17:38:40+00:00","description":"Donnez du caract\u00e8re \u00e0 votre sapin avec cet \u00e9l\u00e9gant ornement en forme de colibri, r\u00e9alis\u00e9 en verre souffl\u00e9 \u00e0 la bouche.","breadcrumb":{"@id":"https:\/\/www.veronneau.com\/fr\/produits\/noel\/boules-de-noel-et-ornements\/ornements-verts\/ornement-colibri-en-verre-souffle-vert-35\/#breadcrumb"},"inLanguage":"fr-FR","potentialAction":[{"@type":"ReadAction","target":["https:\/\/www.veronneau.com\/fr\/produits\/noel\/boules-de-noel-et-ornements\/ornements-verts\/ornement-colibri-en-verre-souffle-vert-35\/"]}]},{"@type":"ImageObject","inLanguage":"fr-FR","@id":"https:\/\/www.veronneau.com\/fr\/produits\/noel\/boules-de-noel-et-ornements\/ornements-verts\/ornement-colibri-en-verre-souffle-vert-35\/#primaryimage","url":"https:\/\/www.veronneau.com\/wp-content\/uploads\/2026\/08\/MGD3037ORNLRGMRB005W-Ornement-colibri-en-verre-souffle-vert.jpg","contentUrl":"https:\/\/www.veronneau.com\/wp-content\/uploads\/2026\/08\/MGD3037ORNLRGMRB005W-Ornement-colibri-en-verre-souffle-vert.jpg","width":1000,"height":1000,"caption":"Ornement colibri en verre souffl\u00e9 vert"},{"@type":"BreadcrumbList","@id":"https:\/\/www.veronneau.com\/fr\/produits\/noel\/boules-de-noel-et-ornements\/ornements-verts\/ornement-colibri-en-verre-souffle-vert-35\/#breadcrumb","itemListElement":[{"@type":"ListItem","position":1,"name":"Accueil","item":"https:\/\/www.veronneau.com\/fr\/"},{"@type":"ListItem","position":2,"name":"Boutique","item":"https:\/\/www.veronneau.com\/fr\/boutique\/"},{"@type":"ListItem","position":3,"name":"D\u00e9corations de No\u00ebl","item":"https:\/\/www.veronneau.com\/fr\/categorie-produit\/noel\/"},{"@type":"ListItem","position":4,"name":"Boules de No\u00ebl","item":"https:\/\/www.veronneau.com\/fr\/categorie-produit\/noel\/boules-de-noel-et-ornements\/"},{"@type":"ListItem","position":5,"name":"Ornements verts","item":"https:\/\/www.veronneau.com\/fr\/categorie-produit\/noel\/boules-de-noel-et-ornements\/ornements-verts\/"},{"@type":"ListItem","position":6,"name":"Ornement colibri en verre souffl\u00e9 vert, 3,5&Prime;"}]},{"@type":"WebSite","@id":"https:\/\/www.veronneau.com\/fr\/#website","url":"https:\/\/www.veronneau.com\/fr\/","name":"D\u00e9cors V\u00e9ronneau","description":"Magasin de d\u00e9coration int\u00e9rieure - Plantes et fleurs artificielles","publisher":{"@id":"https:\/\/www.veronneau.com\/fr\/#organization"},"alternateName":"D\u00e9cors V\u00e9ronneau","potentialAction":[{"@type":"SearchAction","target":{"@type":"EntryPoint","urlTemplate":"https:\/\/www.veronneau.com\/fr\/?s={search_term_string}"},"query-input":{"@type":"PropertyValueSpecification","valueRequired":true,"valueName":"search_term_string"}}],"inLanguage":"fr-FR"},{"@type":"Organization","@id":"https:\/\/www.veronneau.com\/fr\/#organization","name":"D\u00e9cors V\u00e9ronneau","alternateName":"D\u00e9cors V\u00e9ronneau","url":"https:\/\/www.veronneau.com\/fr\/","logo":{"@type":"ImageObject","inLanguage":"fr-FR","@id":"https:\/\/www.veronneau.com\/fr\/#\/schema\/logo\/image\/","url":"https:\/\/www.veronneau.com\/wp-content\/uploads\/2023\/07\/logo-veronneau.png","contentUrl":"https:\/\/www.veronneau.com\/wp-content\/uploads\/2023\/07\/logo-veronneau.png","width":1200,"height":675,"caption":"D\u00e9cors V\u00e9ronneau"},"image":{"@id":"https:\/\/www.veronneau.com\/fr\/#\/schema\/logo\/image\/"},"sameAs":["https:\/\/www.facebook.com\/decorsveronneau","https:\/\/www.instagram.com\/decorsveronneau\/","https:\/\/www.youtube.com\/@decorsveronneau"]}]}},"_links":{"self":[{"href":"https:\/\/www.veronneau.com\/fr\/wp-json\/wp\/v2\/product\/943331","targetHints":{"allow":["GET"]}}],"collection":[{"href":"https:\/\/www.veronneau.com\/fr\/wp-json\/wp\/v2\/product"}],"about":[{"href":"https:\/\/www.veronneau.com\/fr\/wp-json\/wp\/v2\/types\/product"}],"replies":[{"embeddable":true,"href":"https:\/\/www.veronneau.com\/fr\/wp-json\/wp\/v2\/comments?post=943331"}],"version-history":[{"count":1,"href":"https:\/\/www.veronneau.com\/fr\/wp-json\/wp\/v2\/product\/943331\/revisions"}],"predecessor-version":[{"id":944879,"href":"https:\/\/www.veronneau.com\/fr\/wp-json\/wp\/v2\/product\/943331\/revisions\/944879"}],"wp:featuredmedia":[{"embeddable":true,"href":"https:\/\/www.veronneau.com\/fr\/wp-json\/wp\/v2\/media\/944870"}],"wp:attachment":[{"href":"https:\/\/www.veronneau.com\/fr\/wp-json\/wp\/v2\/media?parent=943331"}],"wp:term":[{"taxonomy":"product_brand","embeddable":true,"href":"https:\/\/www.veronneau.com\/fr\/wp-json\/wp\/v2\/product_brand?post=943331"},{"taxonomy":"product_cat","embeddable":true,"href":"https:\/\/www.veronneau.com\/fr\/wp-json\/wp\/v2\/product_cat?post=943331"},{"taxonomy":"product_tag","embeddable":true,"href":"https:\/\/www.veronneau.com\/fr\/wp-json\/wp\/v2\/product_tag?post=943331"}],"curies":[{"name":"wp","href":"https:\/\/api.w.org\/{rel}","templated":true}]}}