{"id":945728,"date":"2026-08-24T16:35:47","date_gmt":"2026-08-24T20:35:47","guid":{"rendered":"https:\/\/www.veronneau.com\/?post_type=product&#038;p=945728"},"modified":"2026-09-02T10:59:58","modified_gmt":"2026-09-02T14:59:58","slug":"pomme-de-pin-decorative-blanc-lave-95","status":"publish","type":"product","link":"https:\/\/www.veronneau.com\/fr\/produits\/noel\/decorations-de-noel\/peluches-et-figurines\/pomme-de-pin-decorative-blanc-lave-95\/","title":{"rendered":"Pomme de pin d\u00e9corative blanc lav\u00e9, 9,5&Prime;"},"content":{"rendered":"<p>Puisque m\u00eame les d\u00e9tails comptent en d\u00e9coration, changez vos accessoires d\u00e9co pour des mod\u00e8les plus hivernaux en ce d\u00e9but de saison. Vous pourriez cr\u00e9er un plateau en utilisant cette cocotte d\u00e9corative, quelques bougies et des petits sapins. Fait en r\u00e9sine.<\/p>\n","protected":false},"excerpt":{"rendered":"<p>Puisque m\u00eame les d\u00e9tails comptent en d\u00e9coration, changez vos accessoires d\u00e9co pour des mod\u00e8les plus hivernaux en ce d\u00e9but de saison. Vous pourriez cr\u00e9er un plateau en utilisant cette cocotte d\u00e9corative, quelques bougies et des petits sapins. Fait en r\u00e9sine.<\/p>\n","protected":false},"featured_media":945840,"comment_status":"open","ping_status":"closed","template":"","meta":[],"product_brand":[],"product_cat":[86123],"product_tag":[],"class_list":["post-945728","product","type-product","status-publish","has-post-thumbnail","product_cat-plush-toys-figurines","first","coming_soon","taxable","shipping-taxable","purchasable","product-type-simple"],"yoast_head":"<!-- This site is optimized with the Yoast SEO plugin v28.3 - https:\/\/yoast.com\/product\/yoast-seo-wordpress\/ -->\n<title>Pomme de pin d\u00e9corative blanc lav\u00e9 - D\u00e9cors V\u00e9ronneau<\/title>\n<meta name=\"description\" content=\"M\u00eame les d\u00e9tails comptent en d\u00e9coration, changez vos accessoires d\u00e9co pour des mod\u00e8les hivernaux en d\u00e9but de saison, comme cette cocotte d\u00e9corative!\" \/>\n<meta name=\"robots\" content=\"index, follow, max-snippet:-1, max-image-preview:large, max-video-preview:-1\" \/>\n<link rel=\"canonical\" href=\"https:\/\/www.veronneau.com\/fr\/produits\/noel\/decorations-de-noel\/peluches-et-figurines\/pomme-de-pin-decorative-blanc-lave-95\/\" \/>\n<meta property=\"og:locale\" content=\"fr_FR\" \/>\n<meta property=\"og:type\" content=\"article\" \/>\n<meta property=\"og:title\" content=\"Pomme de pin d\u00e9corative blanc lav\u00e9\" \/>\n<meta property=\"og:description\" content=\"M\u00eame les d\u00e9tails comptent en d\u00e9coration, changez vos accessoires d\u00e9co pour des mod\u00e8les hivernaux en d\u00e9but de saison, comme cette cocotte d\u00e9corative!\" \/>\n<meta property=\"og:url\" content=\"https:\/\/www.veronneau.com\/fr\/produits\/noel\/decorations-de-noel\/peluches-et-figurines\/pomme-de-pin-decorative-blanc-lave-95\/\" \/>\n<meta property=\"og:site_name\" content=\"D\u00e9cors V\u00e9ronneau\" \/>\n<meta property=\"article:publisher\" content=\"https:\/\/www.facebook.com\/decorsveronneau\" \/>\n<meta property=\"article:modified_time\" content=\"2026-09-02T14:59:58+00:00\" \/>\n<meta property=\"og:image\" content=\"https:\/\/www.veronneau.com\/wp-content\/uploads\/2026\/08\/XAT667WW-Pomme-de-pin-decorative-blanc-lave.jpg\" \/>\n\t<meta property=\"og:image:width\" content=\"1000\" \/>\n\t<meta property=\"og:image:height\" content=\"1000\" \/>\n\t<meta property=\"og:image:type\" content=\"image\/jpeg\" \/>\n<meta name=\"twitter:card\" content=\"summary_large_image\" \/>\n<meta name=\"twitter:label1\" content=\"Dur\u00e9e de lecture estim\u00e9e\" \/>\n\t<meta name=\"twitter:data1\" content=\"1 minute\" \/>\n<script type=\"application\/ld+json\" class=\"yoast-schema-graph\">{\"@context\":\"https:\\\/\\\/schema.org\",\"@graph\":[{\"@type\":[\"WebPage\",\"ItemPage\"],\"@id\":\"https:\\\/\\\/www.veronneau.com\\\/fr\\\/produits\\\/noel\\\/decorations-de-noel\\\/peluches-et-figurines\\\/pomme-de-pin-decorative-blanc-lave-95\\\/\",\"url\":\"https:\\\/\\\/www.veronneau.com\\\/fr\\\/produits\\\/noel\\\/decorations-de-noel\\\/peluches-et-figurines\\\/pomme-de-pin-decorative-blanc-lave-95\\\/\",\"name\":\"Pomme de pin d\u00e9corative blanc lav\u00e9\",\"isPartOf\":{\"@id\":\"https:\\\/\\\/www.veronneau.com\\\/fr\\\/#website\"},\"primaryImageOfPage\":{\"@id\":\"https:\\\/\\\/www.veronneau.com\\\/fr\\\/produits\\\/noel\\\/decorations-de-noel\\\/peluches-et-figurines\\\/pomme-de-pin-decorative-blanc-lave-95\\\/#primaryimage\"},\"image\":{\"@id\":\"https:\\\/\\\/www.veronneau.com\\\/fr\\\/produits\\\/noel\\\/decorations-de-noel\\\/peluches-et-figurines\\\/pomme-de-pin-decorative-blanc-lave-95\\\/#primaryimage\"},\"thumbnailUrl\":\"https:\\\/\\\/www.veronneau.com\\\/wp-content\\\/uploads\\\/2026\\\/08\\\/XAT667WW-Pomme-de-pin-decorative-blanc-lave.jpg\",\"datePublished\":\"2026-08-24T20:35:47+00:00\",\"dateModified\":\"2026-09-02T14:59:58+00:00\",\"description\":\"M\u00eame les d\u00e9tails comptent en d\u00e9coration, changez vos accessoires d\u00e9co pour des mod\u00e8les hivernaux en d\u00e9but de saison, comme cette cocotte d\u00e9corative!\",\"breadcrumb\":{\"@id\":\"https:\\\/\\\/www.veronneau.com\\\/fr\\\/produits\\\/noel\\\/decorations-de-noel\\\/peluches-et-figurines\\\/pomme-de-pin-decorative-blanc-lave-95\\\/#breadcrumb\"},\"inLanguage\":\"fr-FR\",\"potentialAction\":[{\"@type\":\"ReadAction\",\"target\":[\"https:\\\/\\\/www.veronneau.com\\\/fr\\\/produits\\\/noel\\\/decorations-de-noel\\\/peluches-et-figurines\\\/pomme-de-pin-decorative-blanc-lave-95\\\/\"]}]},{\"@type\":\"ImageObject\",\"inLanguage\":\"fr-FR\",\"@id\":\"https:\\\/\\\/www.veronneau.com\\\/fr\\\/produits\\\/noel\\\/decorations-de-noel\\\/peluches-et-figurines\\\/pomme-de-pin-decorative-blanc-lave-95\\\/#primaryimage\",\"url\":\"https:\\\/\\\/www.veronneau.com\\\/wp-content\\\/uploads\\\/2026\\\/08\\\/XAT667WW-Pomme-de-pin-decorative-blanc-lave.jpg\",\"contentUrl\":\"https:\\\/\\\/www.veronneau.com\\\/wp-content\\\/uploads\\\/2026\\\/08\\\/XAT667WW-Pomme-de-pin-decorative-blanc-lave.jpg\",\"width\":1000,\"height\":1000,\"caption\":\"Pomme de pin d\u00e9corative blanc lav\u00e9\"},{\"@type\":\"BreadcrumbList\",\"@id\":\"https:\\\/\\\/www.veronneau.com\\\/fr\\\/produits\\\/noel\\\/decorations-de-noel\\\/peluches-et-figurines\\\/pomme-de-pin-decorative-blanc-lave-95\\\/#breadcrumb\",\"itemListElement\":[{\"@type\":\"ListItem\",\"position\":1,\"name\":\"Accueil\",\"item\":\"https:\\\/\\\/www.veronneau.com\\\/fr\\\/\"},{\"@type\":\"ListItem\",\"position\":2,\"name\":\"Boutique\",\"item\":\"https:\\\/\\\/www.veronneau.com\\\/fr\\\/boutique\\\/\"},{\"@type\":\"ListItem\",\"position\":3,\"name\":\"D\u00e9corations de No\u00ebl\",\"item\":\"https:\\\/\\\/www.veronneau.com\\\/fr\\\/categorie-produit\\\/noel\\\/\"},{\"@type\":\"ListItem\",\"position\":4,\"name\":\"Accessoires de No\u00ebl\",\"item\":\"https:\\\/\\\/www.veronneau.com\\\/fr\\\/categorie-produit\\\/noel\\\/decorations-de-noel\\\/\"},{\"@type\":\"ListItem\",\"position\":5,\"name\":\"Figurines de No\u00ebl\",\"item\":\"https:\\\/\\\/www.veronneau.com\\\/fr\\\/categorie-produit\\\/noel\\\/decorations-de-noel\\\/peluches-et-figurines\\\/\"},{\"@type\":\"ListItem\",\"position\":6,\"name\":\"Pomme de pin d\u00e9corative blanc lav\u00e9, 9,5&Prime;\"}]},{\"@type\":\"WebSite\",\"@id\":\"https:\\\/\\\/www.veronneau.com\\\/fr\\\/#website\",\"url\":\"https:\\\/\\\/www.veronneau.com\\\/fr\\\/\",\"name\":\"D\u00e9cors V\u00e9ronneau\",\"description\":\"Magasin de d\u00e9coration int\u00e9rieure - Plantes et fleurs artificielles\",\"publisher\":{\"@id\":\"https:\\\/\\\/www.veronneau.com\\\/fr\\\/#organization\"},\"alternateName\":\"D\u00e9cors V\u00e9ronneau\",\"potentialAction\":[{\"@type\":\"SearchAction\",\"target\":{\"@type\":\"EntryPoint\",\"urlTemplate\":\"https:\\\/\\\/www.veronneau.com\\\/fr\\\/?s={search_term_string}\"},\"query-input\":{\"@type\":\"PropertyValueSpecification\",\"valueRequired\":true,\"valueName\":\"search_term_string\"}}],\"inLanguage\":\"fr-FR\"},{\"@type\":\"Organization\",\"@id\":\"https:\\\/\\\/www.veronneau.com\\\/fr\\\/#organization\",\"name\":\"D\u00e9cors V\u00e9ronneau\",\"alternateName\":\"D\u00e9cors V\u00e9ronneau\",\"url\":\"https:\\\/\\\/www.veronneau.com\\\/fr\\\/\",\"logo\":{\"@type\":\"ImageObject\",\"inLanguage\":\"fr-FR\",\"@id\":\"https:\\\/\\\/www.veronneau.com\\\/fr\\\/#\\\/schema\\\/logo\\\/image\\\/\",\"url\":\"https:\\\/\\\/www.veronneau.com\\\/wp-content\\\/uploads\\\/2023\\\/07\\\/logo-veronneau.png\",\"contentUrl\":\"https:\\\/\\\/www.veronneau.com\\\/wp-content\\\/uploads\\\/2023\\\/07\\\/logo-veronneau.png\",\"width\":1200,\"height\":675,\"caption\":\"D\u00e9cors V\u00e9ronneau\"},\"image\":{\"@id\":\"https:\\\/\\\/www.veronneau.com\\\/fr\\\/#\\\/schema\\\/logo\\\/image\\\/\"},\"sameAs\":[\"https:\\\/\\\/www.facebook.com\\\/decorsveronneau\",\"https:\\\/\\\/www.instagram.com\\\/decorsveronneau\\\/\",\"https:\\\/\\\/www.youtube.com\\\/@decorsveronneau\"]}]}<\/script>\n<!-- \/ Yoast SEO plugin. -->","yoast_head_json":{"title":"Pomme de pin d\u00e9corative blanc lav\u00e9 - D\u00e9cors V\u00e9ronneau","description":"M\u00eame les d\u00e9tails comptent en d\u00e9coration, changez vos accessoires d\u00e9co pour des mod\u00e8les hivernaux en d\u00e9but de saison, comme cette cocotte d\u00e9corative!","robots":{"index":"index","follow":"follow","max-snippet":"max-snippet:-1","max-image-preview":"max-image-preview:large","max-video-preview":"max-video-preview:-1"},"canonical":"https:\/\/www.veronneau.com\/fr\/produits\/noel\/decorations-de-noel\/peluches-et-figurines\/pomme-de-pin-decorative-blanc-lave-95\/","og_locale":"fr_FR","og_type":"article","og_title":"Pomme de pin d\u00e9corative blanc lav\u00e9","og_description":"M\u00eame les d\u00e9tails comptent en d\u00e9coration, changez vos accessoires d\u00e9co pour des mod\u00e8les hivernaux en d\u00e9but de saison, comme cette cocotte d\u00e9corative!","og_url":"https:\/\/www.veronneau.com\/fr\/produits\/noel\/decorations-de-noel\/peluches-et-figurines\/pomme-de-pin-decorative-blanc-lave-95\/","og_site_name":"D\u00e9cors V\u00e9ronneau","article_publisher":"https:\/\/www.facebook.com\/decorsveronneau","article_modified_time":"2026-09-02T14:59:58+00:00","og_image":[{"width":1000,"height":1000,"url":"https:\/\/www.veronneau.com\/wp-content\/uploads\/2026\/08\/XAT667WW-Pomme-de-pin-decorative-blanc-lave.jpg","type":"image\/jpeg"}],"twitter_card":"summary_large_image","twitter_misc":{"Dur\u00e9e de lecture estim\u00e9e":"1 minute"},"schema":{"@context":"https:\/\/schema.org","@graph":[{"@type":["WebPage","ItemPage"],"@id":"https:\/\/www.veronneau.com\/fr\/produits\/noel\/decorations-de-noel\/peluches-et-figurines\/pomme-de-pin-decorative-blanc-lave-95\/","url":"https:\/\/www.veronneau.com\/fr\/produits\/noel\/decorations-de-noel\/peluches-et-figurines\/pomme-de-pin-decorative-blanc-lave-95\/","name":"Pomme de pin d\u00e9corative blanc lav\u00e9","isPartOf":{"@id":"https:\/\/www.veronneau.com\/fr\/#website"},"primaryImageOfPage":{"@id":"https:\/\/www.veronneau.com\/fr\/produits\/noel\/decorations-de-noel\/peluches-et-figurines\/pomme-de-pin-decorative-blanc-lave-95\/#primaryimage"},"image":{"@id":"https:\/\/www.veronneau.com\/fr\/produits\/noel\/decorations-de-noel\/peluches-et-figurines\/pomme-de-pin-decorative-blanc-lave-95\/#primaryimage"},"thumbnailUrl":"https:\/\/www.veronneau.com\/wp-content\/uploads\/2026\/08\/XAT667WW-Pomme-de-pin-decorative-blanc-lave.jpg","datePublished":"2026-08-24T20:35:47+00:00","dateModified":"2026-09-02T14:59:58+00:00","description":"M\u00eame les d\u00e9tails comptent en d\u00e9coration, changez vos accessoires d\u00e9co pour des mod\u00e8les hivernaux en d\u00e9but de saison, comme cette cocotte d\u00e9corative!","breadcrumb":{"@id":"https:\/\/www.veronneau.com\/fr\/produits\/noel\/decorations-de-noel\/peluches-et-figurines\/pomme-de-pin-decorative-blanc-lave-95\/#breadcrumb"},"inLanguage":"fr-FR","potentialAction":[{"@type":"ReadAction","target":["https:\/\/www.veronneau.com\/fr\/produits\/noel\/decorations-de-noel\/peluches-et-figurines\/pomme-de-pin-decorative-blanc-lave-95\/"]}]},{"@type":"ImageObject","inLanguage":"fr-FR","@id":"https:\/\/www.veronneau.com\/fr\/produits\/noel\/decorations-de-noel\/peluches-et-figurines\/pomme-de-pin-decorative-blanc-lave-95\/#primaryimage","url":"https:\/\/www.veronneau.com\/wp-content\/uploads\/2026\/08\/XAT667WW-Pomme-de-pin-decorative-blanc-lave.jpg","contentUrl":"https:\/\/www.veronneau.com\/wp-content\/uploads\/2026\/08\/XAT667WW-Pomme-de-pin-decorative-blanc-lave.jpg","width":1000,"height":1000,"caption":"Pomme de pin d\u00e9corative blanc lav\u00e9"},{"@type":"BreadcrumbList","@id":"https:\/\/www.veronneau.com\/fr\/produits\/noel\/decorations-de-noel\/peluches-et-figurines\/pomme-de-pin-decorative-blanc-lave-95\/#breadcrumb","itemListElement":[{"@type":"ListItem","position":1,"name":"Accueil","item":"https:\/\/www.veronneau.com\/fr\/"},{"@type":"ListItem","position":2,"name":"Boutique","item":"https:\/\/www.veronneau.com\/fr\/boutique\/"},{"@type":"ListItem","position":3,"name":"D\u00e9corations de No\u00ebl","item":"https:\/\/www.veronneau.com\/fr\/categorie-produit\/noel\/"},{"@type":"ListItem","position":4,"name":"Accessoires de No\u00ebl","item":"https:\/\/www.veronneau.com\/fr\/categorie-produit\/noel\/decorations-de-noel\/"},{"@type":"ListItem","position":5,"name":"Figurines de No\u00ebl","item":"https:\/\/www.veronneau.com\/fr\/categorie-produit\/noel\/decorations-de-noel\/peluches-et-figurines\/"},{"@type":"ListItem","position":6,"name":"Pomme de pin d\u00e9corative blanc lav\u00e9, 9,5&Prime;"}]},{"@type":"WebSite","@id":"https:\/\/www.veronneau.com\/fr\/#website","url":"https:\/\/www.veronneau.com\/fr\/","name":"D\u00e9cors V\u00e9ronneau","description":"Magasin de d\u00e9coration int\u00e9rieure - Plantes et fleurs artificielles","publisher":{"@id":"https:\/\/www.veronneau.com\/fr\/#organization"},"alternateName":"D\u00e9cors V\u00e9ronneau","potentialAction":[{"@type":"SearchAction","target":{"@type":"EntryPoint","urlTemplate":"https:\/\/www.veronneau.com\/fr\/?s={search_term_string}"},"query-input":{"@type":"PropertyValueSpecification","valueRequired":true,"valueName":"search_term_string"}}],"inLanguage":"fr-FR"},{"@type":"Organization","@id":"https:\/\/www.veronneau.com\/fr\/#organization","name":"D\u00e9cors V\u00e9ronneau","alternateName":"D\u00e9cors V\u00e9ronneau","url":"https:\/\/www.veronneau.com\/fr\/","logo":{"@type":"ImageObject","inLanguage":"fr-FR","@id":"https:\/\/www.veronneau.com\/fr\/#\/schema\/logo\/image\/","url":"https:\/\/www.veronneau.com\/wp-content\/uploads\/2023\/07\/logo-veronneau.png","contentUrl":"https:\/\/www.veronneau.com\/wp-content\/uploads\/2023\/07\/logo-veronneau.png","width":1200,"height":675,"caption":"D\u00e9cors V\u00e9ronneau"},"image":{"@id":"https:\/\/www.veronneau.com\/fr\/#\/schema\/logo\/image\/"},"sameAs":["https:\/\/www.facebook.com\/decorsveronneau","https:\/\/www.instagram.com\/decorsveronneau\/","https:\/\/www.youtube.com\/@decorsveronneau"]}]}},"_links":{"self":[{"href":"https:\/\/www.veronneau.com\/fr\/wp-json\/wp\/v2\/product\/945728","targetHints":{"allow":["GET"]}}],"collection":[{"href":"https:\/\/www.veronneau.com\/fr\/wp-json\/wp\/v2\/product"}],"about":[{"href":"https:\/\/www.veronneau.com\/fr\/wp-json\/wp\/v2\/types\/product"}],"replies":[{"embeddable":true,"href":"https:\/\/www.veronneau.com\/fr\/wp-json\/wp\/v2\/comments?post=945728"}],"version-history":[{"count":1,"href":"https:\/\/www.veronneau.com\/fr\/wp-json\/wp\/v2\/product\/945728\/revisions"}],"predecessor-version":[{"id":945842,"href":"https:\/\/www.veronneau.com\/fr\/wp-json\/wp\/v2\/product\/945728\/revisions\/945842"}],"wp:featuredmedia":[{"embeddable":true,"href":"https:\/\/www.veronneau.com\/fr\/wp-json\/wp\/v2\/media\/945840"}],"wp:attachment":[{"href":"https:\/\/www.veronneau.com\/fr\/wp-json\/wp\/v2\/media?parent=945728"}],"wp:term":[{"taxonomy":"product_brand","embeddable":true,"href":"https:\/\/www.veronneau.com\/fr\/wp-json\/wp\/v2\/product_brand?post=945728"},{"taxonomy":"product_cat","embeddable":true,"href":"https:\/\/www.veronneau.com\/fr\/wp-json\/wp\/v2\/product_cat?post=945728"},{"taxonomy":"product_tag","embeddable":true,"href":"https:\/\/www.veronneau.com\/fr\/wp-json\/wp\/v2\/product_tag?post=945728"}],"curies":[{"name":"wp","href":"https:\/\/api.w.org\/{rel}","templated":true}]}}