{"id":945729,"date":"2026-08-24T16:35:47","date_gmt":"2026-08-24T20:35:47","guid":{"rendered":"https:\/\/www.veronneau.com\/?post_type=product&#038;p=945729"},"modified":"2026-09-02T10:59:42","modified_gmt":"2026-09-02T14:59:42","slug":"bouquet-de-mini-baies-rouges-et-feuillage-125","status":"publish","type":"product","link":"https:\/\/www.veronneau.com\/fr\/produits\/baies-et-cocottes\/bouquet-de-mini-baies-rouges-et-feuillage-125\/","title":{"rendered":"Bouquet de mini baies rouges et feuillage, 12,5&Prime;"},"content":{"rendered":"<p>Les baies rouges sont depuis longtemps un symbole du temps des F\u00eates, \u00e9voquant les images traditionnelles de No\u00ebl! Ce bouquet de 12,5 pouces combine des grappes de baies rouges \u00e9clatantes avec un feuillage luxuriant, ce qui le rend parfait pour sublimer les couronnes, les centres de table ou les guirlandes. Vous pouvez \u00e9galement utiliser une tige pour d\u00e9corer vos cadeaux emball\u00e9s!<\/p>\n","protected":false},"excerpt":{"rendered":"<p>Les baies rouges sont depuis longtemps un symbole du temps des F\u00eates, \u00e9voquant les images traditionnelles de No\u00ebl! Ce bouquet de 12,5 pouces combine des grappes de baies rouges \u00e9clatantes avec un feuillage luxuriant, ce qui le rend parfait pour sublimer les couronnes, les centres de table ou les guirlandes. Vous pouvez \u00e9galement utiliser une [&hellip;]<\/p>\n","protected":false},"featured_media":945843,"comment_status":"open","ping_status":"closed","template":"","meta":[],"product_brand":[],"product_cat":[86090],"product_tag":[],"class_list":["post-945729","product","type-product","status-publish","has-post-thumbnail","product_cat-baies-et-cocottes","first","coming_soon","taxable","shipping-taxable","purchasable","product-type-simple"],"yoast_head":"<!-- This site is optimized with the Yoast SEO plugin v28.3 - https:\/\/yoast.com\/product\/yoast-seo-wordpress\/ -->\n<title>Bouquet de mini baies rouges et feuillage - D\u00e9cors V\u00e9ronneau<\/title>\n<meta name=\"description\" content=\"Ce bouquet de No\u00ebl combine des grappes de baies rouges \u00e9clatantes avec un feuillage luxuriant, ce qui le rend parfait pour sublimer les couronnes!\" \/>\n<meta name=\"robots\" content=\"index, follow, max-snippet:-1, max-image-preview:large, max-video-preview:-1\" \/>\n<link rel=\"canonical\" href=\"https:\/\/www.veronneau.com\/fr\/produits\/baies-et-cocottes\/bouquet-de-mini-baies-rouges-et-feuillage-125\/\" \/>\n<meta property=\"og:locale\" content=\"fr_FR\" \/>\n<meta property=\"og:type\" content=\"article\" \/>\n<meta property=\"og:title\" content=\"Bouquet de mini baies rouges et feuillage\" \/>\n<meta property=\"og:description\" content=\"Ce bouquet de No\u00ebl combine des grappes de baies rouges \u00e9clatantes avec un feuillage luxuriant, ce qui le rend parfait pour sublimer les couronnes!\" \/>\n<meta property=\"og:url\" content=\"https:\/\/www.veronneau.com\/fr\/produits\/baies-et-cocottes\/bouquet-de-mini-baies-rouges-et-feuillage-125\/\" \/>\n<meta property=\"og:site_name\" content=\"D\u00e9cors V\u00e9ronneau\" \/>\n<meta property=\"article:publisher\" content=\"https:\/\/www.facebook.com\/decorsveronneau\" \/>\n<meta property=\"article:modified_time\" content=\"2026-09-02T14:59:42+00:00\" \/>\n<meta property=\"og:image\" content=\"https:\/\/www.veronneau.com\/wp-content\/uploads\/2026\/08\/XBB212REGR-Bouquet-de-mini-baies-rouges-et-feuillage.jpg\" \/>\n\t<meta property=\"og:image:width\" content=\"1000\" \/>\n\t<meta property=\"og:image:height\" content=\"1000\" \/>\n\t<meta property=\"og:image:type\" content=\"image\/jpeg\" \/>\n<meta name=\"twitter:card\" content=\"summary_large_image\" \/>\n<meta name=\"twitter:label1\" content=\"Dur\u00e9e de lecture estim\u00e9e\" \/>\n\t<meta name=\"twitter:data1\" content=\"1 minute\" \/>\n<script type=\"application\/ld+json\" class=\"yoast-schema-graph\">{\"@context\":\"https:\\\/\\\/schema.org\",\"@graph\":[{\"@type\":[\"WebPage\",\"ItemPage\"],\"@id\":\"https:\\\/\\\/www.veronneau.com\\\/fr\\\/produits\\\/baies-et-cocottes\\\/bouquet-de-mini-baies-rouges-et-feuillage-125\\\/\",\"url\":\"https:\\\/\\\/www.veronneau.com\\\/fr\\\/produits\\\/baies-et-cocottes\\\/bouquet-de-mini-baies-rouges-et-feuillage-125\\\/\",\"name\":\"Bouquet de mini baies rouges et feuillage\",\"isPartOf\":{\"@id\":\"https:\\\/\\\/www.veronneau.com\\\/fr\\\/#website\"},\"primaryImageOfPage\":{\"@id\":\"https:\\\/\\\/www.veronneau.com\\\/fr\\\/produits\\\/baies-et-cocottes\\\/bouquet-de-mini-baies-rouges-et-feuillage-125\\\/#primaryimage\"},\"image\":{\"@id\":\"https:\\\/\\\/www.veronneau.com\\\/fr\\\/produits\\\/baies-et-cocottes\\\/bouquet-de-mini-baies-rouges-et-feuillage-125\\\/#primaryimage\"},\"thumbnailUrl\":\"https:\\\/\\\/www.veronneau.com\\\/wp-content\\\/uploads\\\/2026\\\/08\\\/XBB212REGR-Bouquet-de-mini-baies-rouges-et-feuillage.jpg\",\"datePublished\":\"2026-08-24T20:35:47+00:00\",\"dateModified\":\"2026-09-02T14:59:42+00:00\",\"description\":\"Ce bouquet de No\u00ebl combine des grappes de baies rouges \u00e9clatantes avec un feuillage luxuriant, ce qui le rend parfait pour sublimer les couronnes!\",\"breadcrumb\":{\"@id\":\"https:\\\/\\\/www.veronneau.com\\\/fr\\\/produits\\\/baies-et-cocottes\\\/bouquet-de-mini-baies-rouges-et-feuillage-125\\\/#breadcrumb\"},\"inLanguage\":\"fr-FR\",\"potentialAction\":[{\"@type\":\"ReadAction\",\"target\":[\"https:\\\/\\\/www.veronneau.com\\\/fr\\\/produits\\\/baies-et-cocottes\\\/bouquet-de-mini-baies-rouges-et-feuillage-125\\\/\"]}]},{\"@type\":\"ImageObject\",\"inLanguage\":\"fr-FR\",\"@id\":\"https:\\\/\\\/www.veronneau.com\\\/fr\\\/produits\\\/baies-et-cocottes\\\/bouquet-de-mini-baies-rouges-et-feuillage-125\\\/#primaryimage\",\"url\":\"https:\\\/\\\/www.veronneau.com\\\/wp-content\\\/uploads\\\/2026\\\/08\\\/XBB212REGR-Bouquet-de-mini-baies-rouges-et-feuillage.jpg\",\"contentUrl\":\"https:\\\/\\\/www.veronneau.com\\\/wp-content\\\/uploads\\\/2026\\\/08\\\/XBB212REGR-Bouquet-de-mini-baies-rouges-et-feuillage.jpg\",\"width\":1000,\"height\":1000,\"caption\":\"Bouquet de mini baies rouges et feuillage\"},{\"@type\":\"BreadcrumbList\",\"@id\":\"https:\\\/\\\/www.veronneau.com\\\/fr\\\/produits\\\/baies-et-cocottes\\\/bouquet-de-mini-baies-rouges-et-feuillage-125\\\/#breadcrumb\",\"itemListElement\":[{\"@type\":\"ListItem\",\"position\":1,\"name\":\"Accueil\",\"item\":\"https:\\\/\\\/www.veronneau.com\\\/fr\\\/\"},{\"@type\":\"ListItem\",\"position\":2,\"name\":\"Boutique\",\"item\":\"https:\\\/\\\/www.veronneau.com\\\/fr\\\/boutique\\\/\"},{\"@type\":\"ListItem\",\"position\":3,\"name\":\"Tiges de baies et cocottes\",\"item\":\"https:\\\/\\\/www.veronneau.com\\\/fr\\\/categorie-produit\\\/baies-et-cocottes\\\/\"},{\"@type\":\"ListItem\",\"position\":4,\"name\":\"Bouquet de mini baies rouges et feuillage, 12,5&Prime;\"}]},{\"@type\":\"WebSite\",\"@id\":\"https:\\\/\\\/www.veronneau.com\\\/fr\\\/#website\",\"url\":\"https:\\\/\\\/www.veronneau.com\\\/fr\\\/\",\"name\":\"D\u00e9cors V\u00e9ronneau\",\"description\":\"Magasin de d\u00e9coration int\u00e9rieure - Plantes et fleurs artificielles\",\"publisher\":{\"@id\":\"https:\\\/\\\/www.veronneau.com\\\/fr\\\/#organization\"},\"alternateName\":\"D\u00e9cors V\u00e9ronneau\",\"potentialAction\":[{\"@type\":\"SearchAction\",\"target\":{\"@type\":\"EntryPoint\",\"urlTemplate\":\"https:\\\/\\\/www.veronneau.com\\\/fr\\\/?s={search_term_string}\"},\"query-input\":{\"@type\":\"PropertyValueSpecification\",\"valueRequired\":true,\"valueName\":\"search_term_string\"}}],\"inLanguage\":\"fr-FR\"},{\"@type\":\"Organization\",\"@id\":\"https:\\\/\\\/www.veronneau.com\\\/fr\\\/#organization\",\"name\":\"D\u00e9cors V\u00e9ronneau\",\"alternateName\":\"D\u00e9cors V\u00e9ronneau\",\"url\":\"https:\\\/\\\/www.veronneau.com\\\/fr\\\/\",\"logo\":{\"@type\":\"ImageObject\",\"inLanguage\":\"fr-FR\",\"@id\":\"https:\\\/\\\/www.veronneau.com\\\/fr\\\/#\\\/schema\\\/logo\\\/image\\\/\",\"url\":\"https:\\\/\\\/www.veronneau.com\\\/wp-content\\\/uploads\\\/2023\\\/07\\\/logo-veronneau.png\",\"contentUrl\":\"https:\\\/\\\/www.veronneau.com\\\/wp-content\\\/uploads\\\/2023\\\/07\\\/logo-veronneau.png\",\"width\":1200,\"height\":675,\"caption\":\"D\u00e9cors V\u00e9ronneau\"},\"image\":{\"@id\":\"https:\\\/\\\/www.veronneau.com\\\/fr\\\/#\\\/schema\\\/logo\\\/image\\\/\"},\"sameAs\":[\"https:\\\/\\\/www.facebook.com\\\/decorsveronneau\",\"https:\\\/\\\/www.instagram.com\\\/decorsveronneau\\\/\",\"https:\\\/\\\/www.youtube.com\\\/@decorsveronneau\"]}]}<\/script>\n<!-- \/ Yoast SEO plugin. -->","yoast_head_json":{"title":"Bouquet de mini baies rouges et feuillage - D\u00e9cors V\u00e9ronneau","description":"Ce bouquet de No\u00ebl combine des grappes de baies rouges \u00e9clatantes avec un feuillage luxuriant, ce qui le rend parfait pour sublimer les couronnes!","robots":{"index":"index","follow":"follow","max-snippet":"max-snippet:-1","max-image-preview":"max-image-preview:large","max-video-preview":"max-video-preview:-1"},"canonical":"https:\/\/www.veronneau.com\/fr\/produits\/baies-et-cocottes\/bouquet-de-mini-baies-rouges-et-feuillage-125\/","og_locale":"fr_FR","og_type":"article","og_title":"Bouquet de mini baies rouges et feuillage","og_description":"Ce bouquet de No\u00ebl combine des grappes de baies rouges \u00e9clatantes avec un feuillage luxuriant, ce qui le rend parfait pour sublimer les couronnes!","og_url":"https:\/\/www.veronneau.com\/fr\/produits\/baies-et-cocottes\/bouquet-de-mini-baies-rouges-et-feuillage-125\/","og_site_name":"D\u00e9cors V\u00e9ronneau","article_publisher":"https:\/\/www.facebook.com\/decorsveronneau","article_modified_time":"2026-09-02T14:59:42+00:00","og_image":[{"width":1000,"height":1000,"url":"https:\/\/www.veronneau.com\/wp-content\/uploads\/2026\/08\/XBB212REGR-Bouquet-de-mini-baies-rouges-et-feuillage.jpg","type":"image\/jpeg"}],"twitter_card":"summary_large_image","twitter_misc":{"Dur\u00e9e de lecture estim\u00e9e":"1 minute"},"schema":{"@context":"https:\/\/schema.org","@graph":[{"@type":["WebPage","ItemPage"],"@id":"https:\/\/www.veronneau.com\/fr\/produits\/baies-et-cocottes\/bouquet-de-mini-baies-rouges-et-feuillage-125\/","url":"https:\/\/www.veronneau.com\/fr\/produits\/baies-et-cocottes\/bouquet-de-mini-baies-rouges-et-feuillage-125\/","name":"Bouquet de mini baies rouges et feuillage","isPartOf":{"@id":"https:\/\/www.veronneau.com\/fr\/#website"},"primaryImageOfPage":{"@id":"https:\/\/www.veronneau.com\/fr\/produits\/baies-et-cocottes\/bouquet-de-mini-baies-rouges-et-feuillage-125\/#primaryimage"},"image":{"@id":"https:\/\/www.veronneau.com\/fr\/produits\/baies-et-cocottes\/bouquet-de-mini-baies-rouges-et-feuillage-125\/#primaryimage"},"thumbnailUrl":"https:\/\/www.veronneau.com\/wp-content\/uploads\/2026\/08\/XBB212REGR-Bouquet-de-mini-baies-rouges-et-feuillage.jpg","datePublished":"2026-08-24T20:35:47+00:00","dateModified":"2026-09-02T14:59:42+00:00","description":"Ce bouquet de No\u00ebl combine des grappes de baies rouges \u00e9clatantes avec un feuillage luxuriant, ce qui le rend parfait pour sublimer les couronnes!","breadcrumb":{"@id":"https:\/\/www.veronneau.com\/fr\/produits\/baies-et-cocottes\/bouquet-de-mini-baies-rouges-et-feuillage-125\/#breadcrumb"},"inLanguage":"fr-FR","potentialAction":[{"@type":"ReadAction","target":["https:\/\/www.veronneau.com\/fr\/produits\/baies-et-cocottes\/bouquet-de-mini-baies-rouges-et-feuillage-125\/"]}]},{"@type":"ImageObject","inLanguage":"fr-FR","@id":"https:\/\/www.veronneau.com\/fr\/produits\/baies-et-cocottes\/bouquet-de-mini-baies-rouges-et-feuillage-125\/#primaryimage","url":"https:\/\/www.veronneau.com\/wp-content\/uploads\/2026\/08\/XBB212REGR-Bouquet-de-mini-baies-rouges-et-feuillage.jpg","contentUrl":"https:\/\/www.veronneau.com\/wp-content\/uploads\/2026\/08\/XBB212REGR-Bouquet-de-mini-baies-rouges-et-feuillage.jpg","width":1000,"height":1000,"caption":"Bouquet de mini baies rouges et feuillage"},{"@type":"BreadcrumbList","@id":"https:\/\/www.veronneau.com\/fr\/produits\/baies-et-cocottes\/bouquet-de-mini-baies-rouges-et-feuillage-125\/#breadcrumb","itemListElement":[{"@type":"ListItem","position":1,"name":"Accueil","item":"https:\/\/www.veronneau.com\/fr\/"},{"@type":"ListItem","position":2,"name":"Boutique","item":"https:\/\/www.veronneau.com\/fr\/boutique\/"},{"@type":"ListItem","position":3,"name":"Tiges de baies et cocottes","item":"https:\/\/www.veronneau.com\/fr\/categorie-produit\/baies-et-cocottes\/"},{"@type":"ListItem","position":4,"name":"Bouquet de mini baies rouges et feuillage, 12,5&Prime;"}]},{"@type":"WebSite","@id":"https:\/\/www.veronneau.com\/fr\/#website","url":"https:\/\/www.veronneau.com\/fr\/","name":"D\u00e9cors V\u00e9ronneau","description":"Magasin de d\u00e9coration int\u00e9rieure - Plantes et fleurs artificielles","publisher":{"@id":"https:\/\/www.veronneau.com\/fr\/#organization"},"alternateName":"D\u00e9cors V\u00e9ronneau","potentialAction":[{"@type":"SearchAction","target":{"@type":"EntryPoint","urlTemplate":"https:\/\/www.veronneau.com\/fr\/?s={search_term_string}"},"query-input":{"@type":"PropertyValueSpecification","valueRequired":true,"valueName":"search_term_string"}}],"inLanguage":"fr-FR"},{"@type":"Organization","@id":"https:\/\/www.veronneau.com\/fr\/#organization","name":"D\u00e9cors V\u00e9ronneau","alternateName":"D\u00e9cors V\u00e9ronneau","url":"https:\/\/www.veronneau.com\/fr\/","logo":{"@type":"ImageObject","inLanguage":"fr-FR","@id":"https:\/\/www.veronneau.com\/fr\/#\/schema\/logo\/image\/","url":"https:\/\/www.veronneau.com\/wp-content\/uploads\/2023\/07\/logo-veronneau.png","contentUrl":"https:\/\/www.veronneau.com\/wp-content\/uploads\/2023\/07\/logo-veronneau.png","width":1200,"height":675,"caption":"D\u00e9cors V\u00e9ronneau"},"image":{"@id":"https:\/\/www.veronneau.com\/fr\/#\/schema\/logo\/image\/"},"sameAs":["https:\/\/www.facebook.com\/decorsveronneau","https:\/\/www.instagram.com\/decorsveronneau\/","https:\/\/www.youtube.com\/@decorsveronneau"]}]}},"_links":{"self":[{"href":"https:\/\/www.veronneau.com\/fr\/wp-json\/wp\/v2\/product\/945729","targetHints":{"allow":["GET"]}}],"collection":[{"href":"https:\/\/www.veronneau.com\/fr\/wp-json\/wp\/v2\/product"}],"about":[{"href":"https:\/\/www.veronneau.com\/fr\/wp-json\/wp\/v2\/types\/product"}],"replies":[{"embeddable":true,"href":"https:\/\/www.veronneau.com\/fr\/wp-json\/wp\/v2\/comments?post=945729"}],"version-history":[{"count":1,"href":"https:\/\/www.veronneau.com\/fr\/wp-json\/wp\/v2\/product\/945729\/revisions"}],"predecessor-version":[{"id":945845,"href":"https:\/\/www.veronneau.com\/fr\/wp-json\/wp\/v2\/product\/945729\/revisions\/945845"}],"wp:featuredmedia":[{"embeddable":true,"href":"https:\/\/www.veronneau.com\/fr\/wp-json\/wp\/v2\/media\/945843"}],"wp:attachment":[{"href":"https:\/\/www.veronneau.com\/fr\/wp-json\/wp\/v2\/media?parent=945729"}],"wp:term":[{"taxonomy":"product_brand","embeddable":true,"href":"https:\/\/www.veronneau.com\/fr\/wp-json\/wp\/v2\/product_brand?post=945729"},{"taxonomy":"product_cat","embeddable":true,"href":"https:\/\/www.veronneau.com\/fr\/wp-json\/wp\/v2\/product_cat?post=945729"},{"taxonomy":"product_tag","embeddable":true,"href":"https:\/\/www.veronneau.com\/fr\/wp-json\/wp\/v2\/product_tag?post=945729"}],"curies":[{"name":"wp","href":"https:\/\/api.w.org\/{rel}","templated":true}]}}