{"id":946305,"date":"2026-08-31T12:52:43","date_gmt":"2026-08-31T16:52:43","guid":{"rendered":"https:\/\/www.veronneau.com\/?post_type=product&#038;p=946305"},"modified":"2026-09-03T08:11:12","modified_gmt":"2026-09-03T12:11:12","slug":"vase-artisanal-de-style-pichet-en-papier-mache-125","status":"publish","type":"product","link":"https:\/\/www.veronneau.com\/fr\/produits\/pots-et-vases\/vases\/petits-vases\/vase-artisanal-de-style-pichet-en-papier-mache-125\/","title":{"rendered":"Vase artisanal de style pichet en papier m\u00e2ch\u00e9, 12,5&Prime;"},"content":{"rendered":"<p>Donnez de la hauteur \u00e0 votre d\u00e9cor avec ce vase en papier m\u00e2ch\u00e9 au charme artisanal. Son format vertical attire naturellement le regard et permet de cr\u00e9er des compositions florales a\u00e9riennes, tout en ajoutant une dimension d\u00e9corative aux espaces qui manquent de volume.<\/p>\n<p>Fabriqu\u00e9 \u00e0 la main en Inde \u00e0 partir de papier journal recycl\u00e9, ce vase met en valeur les irr\u00e9gularit\u00e9s et les nuances propres au travail artisanal. Sa surface au fini mat et crayeux apporte une esth\u00e9tique authentique qui s\u2019agence aussi bien \u00e0 un d\u00e9cor contemporain qu\u2019\u00e0 une ambiance plus naturelle ou rustique. La poign\u00e9e tress\u00e9e compl\u00e8te l\u2019ensemble avec une note textur\u00e9e et chaleureuse.<\/p>\n<p>Utilisez-le avec de longues branches ou des fleurs artificielles pour cr\u00e9er un arrangement g\u00e9n\u00e9reux, ou laissez-le simplement prendre place sur une console, une \u00e9tag\u00e8re ou une table d\u2019appoint. Comme le papier m\u00e2ch\u00e9 est une mati\u00e8re poreuse, ce vase doit \u00eatre prot\u00e9g\u00e9 de l\u2019eau et de l\u2019humidit\u00e9 afin de conserver son aspect d\u2019origine.<\/p>\n","protected":false},"excerpt":{"rendered":"<p>Donnez de la hauteur \u00e0 votre d\u00e9cor avec ce vase en papier m\u00e2ch\u00e9 au charme artisanal. Son format vertical attire naturellement le regard et permet de cr\u00e9er des compositions florales a\u00e9riennes, tout en ajoutant une dimension d\u00e9corative aux espaces qui manquent de volume. Fabriqu\u00e9 \u00e0 la main en Inde \u00e0 partir de papier journal recycl\u00e9, [&hellip;]<\/p>\n","protected":false},"featured_media":946502,"comment_status":"open","ping_status":"closed","template":"","meta":[],"product_brand":[],"product_cat":[86055,86143],"product_tag":[],"class_list":["post-946305","product","type-product","status-publish","has-post-thumbnail","product_cat-autumn-halloween-decorations","product_cat-small-vases","first","instock","taxable","shipping-taxable","purchasable","product-type-simple"],"yoast_head":"<!-- This site is optimized with the Yoast SEO plugin v28.3 - https:\/\/yoast.com\/product\/yoast-seo-wordpress\/ -->\n<title>Vase artisanal de style pichet en papier m\u00e2ch\u00e9 - D\u00e9cors V\u00e9ronneau<\/title>\n<meta name=\"description\" content=\"Donnez de la hauteur \u00e0 votre d\u00e9cor avec ce vase en papier m\u00e2ch\u00e9 au charme artisanal.Sa surface au fini mat et crayeux s\u2019agence bien avec tous les styles.\" \/>\n<meta name=\"robots\" content=\"index, follow, max-snippet:-1, max-image-preview:large, max-video-preview:-1\" \/>\n<link rel=\"canonical\" href=\"https:\/\/www.veronneau.com\/fr\/produits\/pots-et-vases\/vases\/petits-vases\/vase-artisanal-de-style-pichet-en-papier-mache-125\/\" \/>\n<meta property=\"og:locale\" content=\"fr_FR\" \/>\n<meta property=\"og:type\" content=\"article\" \/>\n<meta property=\"og:title\" content=\"Vase artisanal de style pichet en papier m\u00e2ch\u00e9\" \/>\n<meta property=\"og:description\" content=\"Donnez de la hauteur \u00e0 votre d\u00e9cor avec ce vase en papier m\u00e2ch\u00e9 au charme artisanal.Sa surface au fini mat et crayeux s\u2019agence bien avec tous les styles.\" \/>\n<meta property=\"og:url\" content=\"https:\/\/www.veronneau.com\/fr\/produits\/pots-et-vases\/vases\/petits-vases\/vase-artisanal-de-style-pichet-en-papier-mache-125\/\" \/>\n<meta property=\"og:site_name\" content=\"D\u00e9cors V\u00e9ronneau\" \/>\n<meta property=\"article:publisher\" content=\"https:\/\/www.facebook.com\/decorsveronneau\" \/>\n<meta property=\"article:modified_time\" content=\"2026-09-03T12:11:12+00:00\" \/>\n<meta property=\"og:image\" content=\"https:\/\/www.veronneau.com\/wp-content\/uploads\/2026\/08\/018371-Vase-artisanal-style-pichet-papier-mache.jpg\" \/>\n\t<meta property=\"og:image:width\" content=\"1000\" \/>\n\t<meta property=\"og:image:height\" content=\"1000\" \/>\n\t<meta property=\"og:image:type\" content=\"image\/jpeg\" \/>\n<meta name=\"twitter:card\" content=\"summary_large_image\" \/>\n<meta name=\"twitter:label1\" content=\"Dur\u00e9e de lecture estim\u00e9e\" \/>\n\t<meta name=\"twitter:data1\" content=\"2 minutes\" \/>\n<script type=\"application\/ld+json\" class=\"yoast-schema-graph\">{\"@context\":\"https:\\\/\\\/schema.org\",\"@graph\":[{\"@type\":[\"WebPage\",\"ItemPage\"],\"@id\":\"https:\\\/\\\/www.veronneau.com\\\/fr\\\/produits\\\/pots-et-vases\\\/vases\\\/petits-vases\\\/vase-artisanal-de-style-pichet-en-papier-mache-125\\\/\",\"url\":\"https:\\\/\\\/www.veronneau.com\\\/fr\\\/produits\\\/pots-et-vases\\\/vases\\\/petits-vases\\\/vase-artisanal-de-style-pichet-en-papier-mache-125\\\/\",\"name\":\"Vase artisanal de style pichet en papier m\u00e2ch\u00e9\",\"isPartOf\":{\"@id\":\"https:\\\/\\\/www.veronneau.com\\\/fr\\\/#website\"},\"primaryImageOfPage\":{\"@id\":\"https:\\\/\\\/www.veronneau.com\\\/fr\\\/produits\\\/pots-et-vases\\\/vases\\\/petits-vases\\\/vase-artisanal-de-style-pichet-en-papier-mache-125\\\/#primaryimage\"},\"image\":{\"@id\":\"https:\\\/\\\/www.veronneau.com\\\/fr\\\/produits\\\/pots-et-vases\\\/vases\\\/petits-vases\\\/vase-artisanal-de-style-pichet-en-papier-mache-125\\\/#primaryimage\"},\"thumbnailUrl\":\"https:\\\/\\\/www.veronneau.com\\\/wp-content\\\/uploads\\\/2026\\\/08\\\/018371-Vase-artisanal-style-pichet-papier-mache.jpg\",\"datePublished\":\"2026-08-31T16:52:43+00:00\",\"dateModified\":\"2026-09-03T12:11:12+00:00\",\"description\":\"Donnez de la hauteur \u00e0 votre d\u00e9cor avec ce vase en papier m\u00e2ch\u00e9 au charme artisanal.Sa surface au fini mat et crayeux s\u2019agence bien avec tous les styles.\",\"breadcrumb\":{\"@id\":\"https:\\\/\\\/www.veronneau.com\\\/fr\\\/produits\\\/pots-et-vases\\\/vases\\\/petits-vases\\\/vase-artisanal-de-style-pichet-en-papier-mache-125\\\/#breadcrumb\"},\"inLanguage\":\"fr-FR\",\"potentialAction\":[{\"@type\":\"ReadAction\",\"target\":[\"https:\\\/\\\/www.veronneau.com\\\/fr\\\/produits\\\/pots-et-vases\\\/vases\\\/petits-vases\\\/vase-artisanal-de-style-pichet-en-papier-mache-125\\\/\"]}]},{\"@type\":\"ImageObject\",\"inLanguage\":\"fr-FR\",\"@id\":\"https:\\\/\\\/www.veronneau.com\\\/fr\\\/produits\\\/pots-et-vases\\\/vases\\\/petits-vases\\\/vase-artisanal-de-style-pichet-en-papier-mache-125\\\/#primaryimage\",\"url\":\"https:\\\/\\\/www.veronneau.com\\\/wp-content\\\/uploads\\\/2026\\\/08\\\/018371-Vase-artisanal-style-pichet-papier-mache.jpg\",\"contentUrl\":\"https:\\\/\\\/www.veronneau.com\\\/wp-content\\\/uploads\\\/2026\\\/08\\\/018371-Vase-artisanal-style-pichet-papier-mache.jpg\",\"width\":1000,\"height\":1000,\"caption\":\"Vase artisanal de style pichet en papier m\u00e2ch\u00e9\"},{\"@type\":\"BreadcrumbList\",\"@id\":\"https:\\\/\\\/www.veronneau.com\\\/fr\\\/produits\\\/pots-et-vases\\\/vases\\\/petits-vases\\\/vase-artisanal-de-style-pichet-en-papier-mache-125\\\/#breadcrumb\",\"itemListElement\":[{\"@type\":\"ListItem\",\"position\":1,\"name\":\"Accueil\",\"item\":\"https:\\\/\\\/www.veronneau.com\\\/fr\\\/\"},{\"@type\":\"ListItem\",\"position\":2,\"name\":\"Boutique\",\"item\":\"https:\\\/\\\/www.veronneau.com\\\/fr\\\/boutique\\\/\"},{\"@type\":\"ListItem\",\"position\":3,\"name\":\"D\u00e9corations d'automne\",\"item\":\"https:\\\/\\\/www.veronneau.com\\\/fr\\\/categorie-produit\\\/automne-et-halloween\\\/\"},{\"@type\":\"ListItem\",\"position\":4,\"name\":\"Vase artisanal de style pichet en papier m\u00e2ch\u00e9, 12,5&Prime;\"}]},{\"@type\":\"WebSite\",\"@id\":\"https:\\\/\\\/www.veronneau.com\\\/fr\\\/#website\",\"url\":\"https:\\\/\\\/www.veronneau.com\\\/fr\\\/\",\"name\":\"D\u00e9cors V\u00e9ronneau\",\"description\":\"Magasin de d\u00e9coration int\u00e9rieure - Plantes et fleurs artificielles\",\"publisher\":{\"@id\":\"https:\\\/\\\/www.veronneau.com\\\/fr\\\/#organization\"},\"alternateName\":\"D\u00e9cors V\u00e9ronneau\",\"potentialAction\":[{\"@type\":\"SearchAction\",\"target\":{\"@type\":\"EntryPoint\",\"urlTemplate\":\"https:\\\/\\\/www.veronneau.com\\\/fr\\\/?s={search_term_string}\"},\"query-input\":{\"@type\":\"PropertyValueSpecification\",\"valueRequired\":true,\"valueName\":\"search_term_string\"}}],\"inLanguage\":\"fr-FR\"},{\"@type\":\"Organization\",\"@id\":\"https:\\\/\\\/www.veronneau.com\\\/fr\\\/#organization\",\"name\":\"D\u00e9cors V\u00e9ronneau\",\"alternateName\":\"D\u00e9cors V\u00e9ronneau\",\"url\":\"https:\\\/\\\/www.veronneau.com\\\/fr\\\/\",\"logo\":{\"@type\":\"ImageObject\",\"inLanguage\":\"fr-FR\",\"@id\":\"https:\\\/\\\/www.veronneau.com\\\/fr\\\/#\\\/schema\\\/logo\\\/image\\\/\",\"url\":\"https:\\\/\\\/www.veronneau.com\\\/wp-content\\\/uploads\\\/2023\\\/07\\\/logo-veronneau.png\",\"contentUrl\":\"https:\\\/\\\/www.veronneau.com\\\/wp-content\\\/uploads\\\/2023\\\/07\\\/logo-veronneau.png\",\"width\":1200,\"height\":675,\"caption\":\"D\u00e9cors V\u00e9ronneau\"},\"image\":{\"@id\":\"https:\\\/\\\/www.veronneau.com\\\/fr\\\/#\\\/schema\\\/logo\\\/image\\\/\"},\"sameAs\":[\"https:\\\/\\\/www.facebook.com\\\/decorsveronneau\",\"https:\\\/\\\/www.instagram.com\\\/decorsveronneau\\\/\",\"https:\\\/\\\/www.youtube.com\\\/@decorsveronneau\"]}]}<\/script>\n<!-- \/ Yoast SEO plugin. -->","yoast_head_json":{"title":"Vase artisanal de style pichet en papier m\u00e2ch\u00e9 - D\u00e9cors V\u00e9ronneau","description":"Donnez de la hauteur \u00e0 votre d\u00e9cor avec ce vase en papier m\u00e2ch\u00e9 au charme artisanal.Sa surface au fini mat et crayeux s\u2019agence bien avec tous les styles.","robots":{"index":"index","follow":"follow","max-snippet":"max-snippet:-1","max-image-preview":"max-image-preview:large","max-video-preview":"max-video-preview:-1"},"canonical":"https:\/\/www.veronneau.com\/fr\/produits\/pots-et-vases\/vases\/petits-vases\/vase-artisanal-de-style-pichet-en-papier-mache-125\/","og_locale":"fr_FR","og_type":"article","og_title":"Vase artisanal de style pichet en papier m\u00e2ch\u00e9","og_description":"Donnez de la hauteur \u00e0 votre d\u00e9cor avec ce vase en papier m\u00e2ch\u00e9 au charme artisanal.Sa surface au fini mat et crayeux s\u2019agence bien avec tous les styles.","og_url":"https:\/\/www.veronneau.com\/fr\/produits\/pots-et-vases\/vases\/petits-vases\/vase-artisanal-de-style-pichet-en-papier-mache-125\/","og_site_name":"D\u00e9cors V\u00e9ronneau","article_publisher":"https:\/\/www.facebook.com\/decorsveronneau","article_modified_time":"2026-09-03T12:11:12+00:00","og_image":[{"width":1000,"height":1000,"url":"https:\/\/www.veronneau.com\/wp-content\/uploads\/2026\/08\/018371-Vase-artisanal-style-pichet-papier-mache.jpg","type":"image\/jpeg"}],"twitter_card":"summary_large_image","twitter_misc":{"Dur\u00e9e de lecture estim\u00e9e":"2 minutes"},"schema":{"@context":"https:\/\/schema.org","@graph":[{"@type":["WebPage","ItemPage"],"@id":"https:\/\/www.veronneau.com\/fr\/produits\/pots-et-vases\/vases\/petits-vases\/vase-artisanal-de-style-pichet-en-papier-mache-125\/","url":"https:\/\/www.veronneau.com\/fr\/produits\/pots-et-vases\/vases\/petits-vases\/vase-artisanal-de-style-pichet-en-papier-mache-125\/","name":"Vase artisanal de style pichet en papier m\u00e2ch\u00e9","isPartOf":{"@id":"https:\/\/www.veronneau.com\/fr\/#website"},"primaryImageOfPage":{"@id":"https:\/\/www.veronneau.com\/fr\/produits\/pots-et-vases\/vases\/petits-vases\/vase-artisanal-de-style-pichet-en-papier-mache-125\/#primaryimage"},"image":{"@id":"https:\/\/www.veronneau.com\/fr\/produits\/pots-et-vases\/vases\/petits-vases\/vase-artisanal-de-style-pichet-en-papier-mache-125\/#primaryimage"},"thumbnailUrl":"https:\/\/www.veronneau.com\/wp-content\/uploads\/2026\/08\/018371-Vase-artisanal-style-pichet-papier-mache.jpg","datePublished":"2026-08-31T16:52:43+00:00","dateModified":"2026-09-03T12:11:12+00:00","description":"Donnez de la hauteur \u00e0 votre d\u00e9cor avec ce vase en papier m\u00e2ch\u00e9 au charme artisanal.Sa surface au fini mat et crayeux s\u2019agence bien avec tous les styles.","breadcrumb":{"@id":"https:\/\/www.veronneau.com\/fr\/produits\/pots-et-vases\/vases\/petits-vases\/vase-artisanal-de-style-pichet-en-papier-mache-125\/#breadcrumb"},"inLanguage":"fr-FR","potentialAction":[{"@type":"ReadAction","target":["https:\/\/www.veronneau.com\/fr\/produits\/pots-et-vases\/vases\/petits-vases\/vase-artisanal-de-style-pichet-en-papier-mache-125\/"]}]},{"@type":"ImageObject","inLanguage":"fr-FR","@id":"https:\/\/www.veronneau.com\/fr\/produits\/pots-et-vases\/vases\/petits-vases\/vase-artisanal-de-style-pichet-en-papier-mache-125\/#primaryimage","url":"https:\/\/www.veronneau.com\/wp-content\/uploads\/2026\/08\/018371-Vase-artisanal-style-pichet-papier-mache.jpg","contentUrl":"https:\/\/www.veronneau.com\/wp-content\/uploads\/2026\/08\/018371-Vase-artisanal-style-pichet-papier-mache.jpg","width":1000,"height":1000,"caption":"Vase artisanal de style pichet en papier m\u00e2ch\u00e9"},{"@type":"BreadcrumbList","@id":"https:\/\/www.veronneau.com\/fr\/produits\/pots-et-vases\/vases\/petits-vases\/vase-artisanal-de-style-pichet-en-papier-mache-125\/#breadcrumb","itemListElement":[{"@type":"ListItem","position":1,"name":"Accueil","item":"https:\/\/www.veronneau.com\/fr\/"},{"@type":"ListItem","position":2,"name":"Boutique","item":"https:\/\/www.veronneau.com\/fr\/boutique\/"},{"@type":"ListItem","position":3,"name":"D\u00e9corations d'automne","item":"https:\/\/www.veronneau.com\/fr\/categorie-produit\/automne-et-halloween\/"},{"@type":"ListItem","position":4,"name":"Vase artisanal de style pichet en papier m\u00e2ch\u00e9, 12,5&Prime;"}]},{"@type":"WebSite","@id":"https:\/\/www.veronneau.com\/fr\/#website","url":"https:\/\/www.veronneau.com\/fr\/","name":"D\u00e9cors V\u00e9ronneau","description":"Magasin de d\u00e9coration int\u00e9rieure - Plantes et fleurs artificielles","publisher":{"@id":"https:\/\/www.veronneau.com\/fr\/#organization"},"alternateName":"D\u00e9cors V\u00e9ronneau","potentialAction":[{"@type":"SearchAction","target":{"@type":"EntryPoint","urlTemplate":"https:\/\/www.veronneau.com\/fr\/?s={search_term_string}"},"query-input":{"@type":"PropertyValueSpecification","valueRequired":true,"valueName":"search_term_string"}}],"inLanguage":"fr-FR"},{"@type":"Organization","@id":"https:\/\/www.veronneau.com\/fr\/#organization","name":"D\u00e9cors V\u00e9ronneau","alternateName":"D\u00e9cors V\u00e9ronneau","url":"https:\/\/www.veronneau.com\/fr\/","logo":{"@type":"ImageObject","inLanguage":"fr-FR","@id":"https:\/\/www.veronneau.com\/fr\/#\/schema\/logo\/image\/","url":"https:\/\/www.veronneau.com\/wp-content\/uploads\/2023\/07\/logo-veronneau.png","contentUrl":"https:\/\/www.veronneau.com\/wp-content\/uploads\/2023\/07\/logo-veronneau.png","width":1200,"height":675,"caption":"D\u00e9cors V\u00e9ronneau"},"image":{"@id":"https:\/\/www.veronneau.com\/fr\/#\/schema\/logo\/image\/"},"sameAs":["https:\/\/www.facebook.com\/decorsveronneau","https:\/\/www.instagram.com\/decorsveronneau\/","https:\/\/www.youtube.com\/@decorsveronneau"]}]}},"_links":{"self":[{"href":"https:\/\/www.veronneau.com\/fr\/wp-json\/wp\/v2\/product\/946305","targetHints":{"allow":["GET"]}}],"collection":[{"href":"https:\/\/www.veronneau.com\/fr\/wp-json\/wp\/v2\/product"}],"about":[{"href":"https:\/\/www.veronneau.com\/fr\/wp-json\/wp\/v2\/types\/product"}],"replies":[{"embeddable":true,"href":"https:\/\/www.veronneau.com\/fr\/wp-json\/wp\/v2\/comments?post=946305"}],"version-history":[{"count":1,"href":"https:\/\/www.veronneau.com\/fr\/wp-json\/wp\/v2\/product\/946305\/revisions"}],"predecessor-version":[{"id":946505,"href":"https:\/\/www.veronneau.com\/fr\/wp-json\/wp\/v2\/product\/946305\/revisions\/946505"}],"wp:featuredmedia":[{"embeddable":true,"href":"https:\/\/www.veronneau.com\/fr\/wp-json\/wp\/v2\/media\/946502"}],"wp:attachment":[{"href":"https:\/\/www.veronneau.com\/fr\/wp-json\/wp\/v2\/media?parent=946305"}],"wp:term":[{"taxonomy":"product_brand","embeddable":true,"href":"https:\/\/www.veronneau.com\/fr\/wp-json\/wp\/v2\/product_brand?post=946305"},{"taxonomy":"product_cat","embeddable":true,"href":"https:\/\/www.veronneau.com\/fr\/wp-json\/wp\/v2\/product_cat?post=946305"},{"taxonomy":"product_tag","embeddable":true,"href":"https:\/\/www.veronneau.com\/fr\/wp-json\/wp\/v2\/product_tag?post=946305"}],"curies":[{"name":"wp","href":"https:\/\/api.w.org\/{rel}","templated":true}]}}