{"id":946306,"date":"2026-08-31T12:52:43","date_gmt":"2026-08-31T16:52:43","guid":{"rendered":"https:\/\/www.veronneau.com\/?post_type=product&#038;p=946306"},"modified":"2026-09-02T16:47:09","modified_gmt":"2026-09-02T20:47:09","slug":"mini-vase-en-aluminium-avec-anses-7","status":"publish","type":"product","link":"https:\/\/www.veronneau.com\/fr\/produits\/pots-et-vases\/vases\/petits-vases\/mini-vase-en-aluminium-avec-anses-7\/","title":{"rendered":"Mini vase en aluminium avec anses, 7&Prime;"},"content":{"rendered":"<p>Apportez une touche de caract\u00e8re \u00e0 votre d\u00e9cor avec ce mini vase en aluminium fait main. Inspir\u00e9 par les formes organiques de la nature, il se distingue par son format compact et son allure sculpturale, id\u00e9ale pour ajouter une belle dose de texture \u00e0 une composition d\u00e9corative.<\/p>\n<p>Fabriqu\u00e9 artisanalement en Inde, ce petit vase en aluminium est r\u00e9alis\u00e9 selon la technique traditionnelle du moulage au sable. Ce proc\u00e9d\u00e9 consiste \u00e0 couler le m\u00e9tal en fusion dans un moule de sable afin de cr\u00e9er la forme souhait\u00e9e. Le travail des artisans et les particularit\u00e9s de cette m\u00e9thode conf\u00e8rent \u00e0 chaque pi\u00e8ce des d\u00e9tails et des variations qui rendent le produit unique.<\/p>\n<p>Facile \u00e0 int\u00e9grer dans diff\u00e9rents styles de d\u00e9coration, ce vase d\u00e9coratif en aluminium peut \u00eatre expos\u00e9 seul pour mettre en valeur sa mati\u00e8re et sa forme, ou accompagn\u00e9 de petites fleurs et de branches artificielles. Sur une tablette, une console, une biblioth\u00e8que ou une table d\u2019appoint, il apporte une pr\u00e9sence discr\u00e8te tout en enrichissant le d\u00e9cor.<\/p>\n<p>Son design inspir\u00e9 de la nature et sa fabrication artisanale en font un accessoire d\u00e9co polyvalent pour cr\u00e9er des arrangements soign\u00e9s et chaleureux. Une petite pi\u00e8ce qui se d\u00e9marque autant par son caract\u00e8re que par le savoir-faire qui se cache derri\u00e8re sa fabrication.<\/p>\n","protected":false},"excerpt":{"rendered":"<p>Apportez une touche de caract\u00e8re \u00e0 votre d\u00e9cor avec ce mini vase en aluminium fait main. Inspir\u00e9 par les formes organiques de la nature, il se distingue par son format compact et son allure sculpturale, id\u00e9ale pour ajouter une belle dose de texture \u00e0 une composition d\u00e9corative. Fabriqu\u00e9 artisanalement en Inde, ce petit vase en [&hellip;]<\/p>\n","protected":false},"featured_media":946486,"comment_status":"open","ping_status":"closed","template":"","meta":[],"product_brand":[],"product_cat":[86143],"product_tag":[],"class_list":["post-946306","product","type-product","status-publish","has-post-thumbnail","product_cat-small-vases","first","instock","taxable","shipping-taxable","purchasable","product-type-simple"],"yoast_head":"<!-- This site is optimized with the Yoast SEO plugin v28.3 - https:\/\/yoast.com\/product\/yoast-seo-wordpress\/ -->\n<title>Mini vase en aluminium avec anses, 7&#039;&#039; - D\u00e9cors V\u00e9ronneau<\/title>\n<meta name=\"description\" content=\"Apportez une touche de caract\u00e8re \u00e0 votre d\u00e9cor avec ce mini vase en aluminium fait main. Il se distingue par son format compact et son allure sculpturale.\" \/>\n<meta name=\"robots\" content=\"index, follow, max-snippet:-1, max-image-preview:large, max-video-preview:-1\" \/>\n<link rel=\"canonical\" href=\"https:\/\/www.veronneau.com\/fr\/produits\/pots-et-vases\/vases\/petits-vases\/mini-vase-en-aluminium-avec-anses-7\/\" \/>\n<meta property=\"og:locale\" content=\"fr_FR\" \/>\n<meta property=\"og:type\" content=\"article\" \/>\n<meta property=\"og:title\" content=\"Mini vase en aluminium avec anses, 7&#039;&#039;\" \/>\n<meta property=\"og:description\" content=\"Apportez une touche de caract\u00e8re \u00e0 votre d\u00e9cor avec ce mini vase en aluminium fait main. Il se distingue par son format compact et son allure sculpturale.\" \/>\n<meta property=\"og:url\" content=\"https:\/\/www.veronneau.com\/fr\/produits\/pots-et-vases\/vases\/petits-vases\/mini-vase-en-aluminium-avec-anses-7\/\" \/>\n<meta property=\"og:site_name\" content=\"D\u00e9cors V\u00e9ronneau\" \/>\n<meta property=\"article:publisher\" content=\"https:\/\/www.facebook.com\/decorsveronneau\" \/>\n<meta property=\"article:modified_time\" content=\"2026-09-02T20:47:09+00:00\" \/>\n<meta property=\"og:image\" content=\"https:\/\/www.veronneau.com\/wp-content\/uploads\/2026\/08\/10878-Mini-vase-en-aluminium-avec-anses.jpg\" \/>\n\t<meta property=\"og:image:width\" content=\"1000\" \/>\n\t<meta property=\"og:image:height\" content=\"1000\" \/>\n\t<meta property=\"og:image:type\" content=\"image\/jpeg\" \/>\n<meta name=\"twitter:card\" content=\"summary_large_image\" \/>\n<meta name=\"twitter:label1\" content=\"Dur\u00e9e de lecture estim\u00e9e\" \/>\n\t<meta name=\"twitter:data1\" content=\"2 minutes\" \/>\n<script type=\"application\/ld+json\" class=\"yoast-schema-graph\">{\"@context\":\"https:\\\/\\\/schema.org\",\"@graph\":[{\"@type\":[\"WebPage\",\"ItemPage\"],\"@id\":\"https:\\\/\\\/www.veronneau.com\\\/fr\\\/produits\\\/pots-et-vases\\\/vases\\\/petits-vases\\\/mini-vase-en-aluminium-avec-anses-7\\\/\",\"url\":\"https:\\\/\\\/www.veronneau.com\\\/fr\\\/produits\\\/pots-et-vases\\\/vases\\\/petits-vases\\\/mini-vase-en-aluminium-avec-anses-7\\\/\",\"name\":\"Mini vase en aluminium avec anses, 7''\",\"isPartOf\":{\"@id\":\"https:\\\/\\\/www.veronneau.com\\\/fr\\\/#website\"},\"primaryImageOfPage\":{\"@id\":\"https:\\\/\\\/www.veronneau.com\\\/fr\\\/produits\\\/pots-et-vases\\\/vases\\\/petits-vases\\\/mini-vase-en-aluminium-avec-anses-7\\\/#primaryimage\"},\"image\":{\"@id\":\"https:\\\/\\\/www.veronneau.com\\\/fr\\\/produits\\\/pots-et-vases\\\/vases\\\/petits-vases\\\/mini-vase-en-aluminium-avec-anses-7\\\/#primaryimage\"},\"thumbnailUrl\":\"https:\\\/\\\/www.veronneau.com\\\/wp-content\\\/uploads\\\/2026\\\/08\\\/10878-Mini-vase-en-aluminium-avec-anses.jpg\",\"datePublished\":\"2026-08-31T16:52:43+00:00\",\"dateModified\":\"2026-09-02T20:47:09+00:00\",\"description\":\"Apportez une touche de caract\u00e8re \u00e0 votre d\u00e9cor avec ce mini vase en aluminium fait main. Il se distingue par son format compact et son allure sculpturale.\",\"breadcrumb\":{\"@id\":\"https:\\\/\\\/www.veronneau.com\\\/fr\\\/produits\\\/pots-et-vases\\\/vases\\\/petits-vases\\\/mini-vase-en-aluminium-avec-anses-7\\\/#breadcrumb\"},\"inLanguage\":\"fr-FR\",\"potentialAction\":[{\"@type\":\"ReadAction\",\"target\":[\"https:\\\/\\\/www.veronneau.com\\\/fr\\\/produits\\\/pots-et-vases\\\/vases\\\/petits-vases\\\/mini-vase-en-aluminium-avec-anses-7\\\/\"]}]},{\"@type\":\"ImageObject\",\"inLanguage\":\"fr-FR\",\"@id\":\"https:\\\/\\\/www.veronneau.com\\\/fr\\\/produits\\\/pots-et-vases\\\/vases\\\/petits-vases\\\/mini-vase-en-aluminium-avec-anses-7\\\/#primaryimage\",\"url\":\"https:\\\/\\\/www.veronneau.com\\\/wp-content\\\/uploads\\\/2026\\\/08\\\/10878-Mini-vase-en-aluminium-avec-anses.jpg\",\"contentUrl\":\"https:\\\/\\\/www.veronneau.com\\\/wp-content\\\/uploads\\\/2026\\\/08\\\/10878-Mini-vase-en-aluminium-avec-anses.jpg\",\"width\":1000,\"height\":1000,\"caption\":\"Mini vase en aluminium avec anses\"},{\"@type\":\"BreadcrumbList\",\"@id\":\"https:\\\/\\\/www.veronneau.com\\\/fr\\\/produits\\\/pots-et-vases\\\/vases\\\/petits-vases\\\/mini-vase-en-aluminium-avec-anses-7\\\/#breadcrumb\",\"itemListElement\":[{\"@type\":\"ListItem\",\"position\":1,\"name\":\"Accueil\",\"item\":\"https:\\\/\\\/www.veronneau.com\\\/fr\\\/\"},{\"@type\":\"ListItem\",\"position\":2,\"name\":\"Boutique\",\"item\":\"https:\\\/\\\/www.veronneau.com\\\/fr\\\/boutique\\\/\"},{\"@type\":\"ListItem\",\"position\":3,\"name\":\"Vases et cache-pots\",\"item\":\"https:\\\/\\\/www.veronneau.com\\\/fr\\\/categorie-produit\\\/pots-et-vases\\\/\"},{\"@type\":\"ListItem\",\"position\":4,\"name\":\"Vases \u00e0 fleurs\",\"item\":\"https:\\\/\\\/www.veronneau.com\\\/fr\\\/categorie-produit\\\/pots-et-vases\\\/vases\\\/\"},{\"@type\":\"ListItem\",\"position\":5,\"name\":\"Petits vases d\u00e9coratifs\",\"item\":\"https:\\\/\\\/www.veronneau.com\\\/fr\\\/categorie-produit\\\/pots-et-vases\\\/vases\\\/petits-vases\\\/\"},{\"@type\":\"ListItem\",\"position\":6,\"name\":\"Mini vase en aluminium avec anses, 7&Prime;\"}]},{\"@type\":\"WebSite\",\"@id\":\"https:\\\/\\\/www.veronneau.com\\\/fr\\\/#website\",\"url\":\"https:\\\/\\\/www.veronneau.com\\\/fr\\\/\",\"name\":\"D\u00e9cors V\u00e9ronneau\",\"description\":\"Magasin de d\u00e9coration int\u00e9rieure - Plantes et fleurs artificielles\",\"publisher\":{\"@id\":\"https:\\\/\\\/www.veronneau.com\\\/fr\\\/#organization\"},\"alternateName\":\"D\u00e9cors V\u00e9ronneau\",\"potentialAction\":[{\"@type\":\"SearchAction\",\"target\":{\"@type\":\"EntryPoint\",\"urlTemplate\":\"https:\\\/\\\/www.veronneau.com\\\/fr\\\/?s={search_term_string}\"},\"query-input\":{\"@type\":\"PropertyValueSpecification\",\"valueRequired\":true,\"valueName\":\"search_term_string\"}}],\"inLanguage\":\"fr-FR\"},{\"@type\":\"Organization\",\"@id\":\"https:\\\/\\\/www.veronneau.com\\\/fr\\\/#organization\",\"name\":\"D\u00e9cors V\u00e9ronneau\",\"alternateName\":\"D\u00e9cors V\u00e9ronneau\",\"url\":\"https:\\\/\\\/www.veronneau.com\\\/fr\\\/\",\"logo\":{\"@type\":\"ImageObject\",\"inLanguage\":\"fr-FR\",\"@id\":\"https:\\\/\\\/www.veronneau.com\\\/fr\\\/#\\\/schema\\\/logo\\\/image\\\/\",\"url\":\"https:\\\/\\\/www.veronneau.com\\\/wp-content\\\/uploads\\\/2023\\\/07\\\/logo-veronneau.png\",\"contentUrl\":\"https:\\\/\\\/www.veronneau.com\\\/wp-content\\\/uploads\\\/2023\\\/07\\\/logo-veronneau.png\",\"width\":1200,\"height\":675,\"caption\":\"D\u00e9cors V\u00e9ronneau\"},\"image\":{\"@id\":\"https:\\\/\\\/www.veronneau.com\\\/fr\\\/#\\\/schema\\\/logo\\\/image\\\/\"},\"sameAs\":[\"https:\\\/\\\/www.facebook.com\\\/decorsveronneau\",\"https:\\\/\\\/www.instagram.com\\\/decorsveronneau\\\/\",\"https:\\\/\\\/www.youtube.com\\\/@decorsveronneau\"]}]}<\/script>\n<!-- \/ Yoast SEO plugin. -->","yoast_head_json":{"title":"Mini vase en aluminium avec anses, 7'' - D\u00e9cors V\u00e9ronneau","description":"Apportez une touche de caract\u00e8re \u00e0 votre d\u00e9cor avec ce mini vase en aluminium fait main. Il se distingue par son format compact et son allure sculpturale.","robots":{"index":"index","follow":"follow","max-snippet":"max-snippet:-1","max-image-preview":"max-image-preview:large","max-video-preview":"max-video-preview:-1"},"canonical":"https:\/\/www.veronneau.com\/fr\/produits\/pots-et-vases\/vases\/petits-vases\/mini-vase-en-aluminium-avec-anses-7\/","og_locale":"fr_FR","og_type":"article","og_title":"Mini vase en aluminium avec anses, 7''","og_description":"Apportez une touche de caract\u00e8re \u00e0 votre d\u00e9cor avec ce mini vase en aluminium fait main. Il se distingue par son format compact et son allure sculpturale.","og_url":"https:\/\/www.veronneau.com\/fr\/produits\/pots-et-vases\/vases\/petits-vases\/mini-vase-en-aluminium-avec-anses-7\/","og_site_name":"D\u00e9cors V\u00e9ronneau","article_publisher":"https:\/\/www.facebook.com\/decorsveronneau","article_modified_time":"2026-09-02T20:47:09+00:00","og_image":[{"width":1000,"height":1000,"url":"https:\/\/www.veronneau.com\/wp-content\/uploads\/2026\/08\/10878-Mini-vase-en-aluminium-avec-anses.jpg","type":"image\/jpeg"}],"twitter_card":"summary_large_image","twitter_misc":{"Dur\u00e9e de lecture estim\u00e9e":"2 minutes"},"schema":{"@context":"https:\/\/schema.org","@graph":[{"@type":["WebPage","ItemPage"],"@id":"https:\/\/www.veronneau.com\/fr\/produits\/pots-et-vases\/vases\/petits-vases\/mini-vase-en-aluminium-avec-anses-7\/","url":"https:\/\/www.veronneau.com\/fr\/produits\/pots-et-vases\/vases\/petits-vases\/mini-vase-en-aluminium-avec-anses-7\/","name":"Mini vase en aluminium avec anses, 7''","isPartOf":{"@id":"https:\/\/www.veronneau.com\/fr\/#website"},"primaryImageOfPage":{"@id":"https:\/\/www.veronneau.com\/fr\/produits\/pots-et-vases\/vases\/petits-vases\/mini-vase-en-aluminium-avec-anses-7\/#primaryimage"},"image":{"@id":"https:\/\/www.veronneau.com\/fr\/produits\/pots-et-vases\/vases\/petits-vases\/mini-vase-en-aluminium-avec-anses-7\/#primaryimage"},"thumbnailUrl":"https:\/\/www.veronneau.com\/wp-content\/uploads\/2026\/08\/10878-Mini-vase-en-aluminium-avec-anses.jpg","datePublished":"2026-08-31T16:52:43+00:00","dateModified":"2026-09-02T20:47:09+00:00","description":"Apportez une touche de caract\u00e8re \u00e0 votre d\u00e9cor avec ce mini vase en aluminium fait main. Il se distingue par son format compact et son allure sculpturale.","breadcrumb":{"@id":"https:\/\/www.veronneau.com\/fr\/produits\/pots-et-vases\/vases\/petits-vases\/mini-vase-en-aluminium-avec-anses-7\/#breadcrumb"},"inLanguage":"fr-FR","potentialAction":[{"@type":"ReadAction","target":["https:\/\/www.veronneau.com\/fr\/produits\/pots-et-vases\/vases\/petits-vases\/mini-vase-en-aluminium-avec-anses-7\/"]}]},{"@type":"ImageObject","inLanguage":"fr-FR","@id":"https:\/\/www.veronneau.com\/fr\/produits\/pots-et-vases\/vases\/petits-vases\/mini-vase-en-aluminium-avec-anses-7\/#primaryimage","url":"https:\/\/www.veronneau.com\/wp-content\/uploads\/2026\/08\/10878-Mini-vase-en-aluminium-avec-anses.jpg","contentUrl":"https:\/\/www.veronneau.com\/wp-content\/uploads\/2026\/08\/10878-Mini-vase-en-aluminium-avec-anses.jpg","width":1000,"height":1000,"caption":"Mini vase en aluminium avec anses"},{"@type":"BreadcrumbList","@id":"https:\/\/www.veronneau.com\/fr\/produits\/pots-et-vases\/vases\/petits-vases\/mini-vase-en-aluminium-avec-anses-7\/#breadcrumb","itemListElement":[{"@type":"ListItem","position":1,"name":"Accueil","item":"https:\/\/www.veronneau.com\/fr\/"},{"@type":"ListItem","position":2,"name":"Boutique","item":"https:\/\/www.veronneau.com\/fr\/boutique\/"},{"@type":"ListItem","position":3,"name":"Vases et cache-pots","item":"https:\/\/www.veronneau.com\/fr\/categorie-produit\/pots-et-vases\/"},{"@type":"ListItem","position":4,"name":"Vases \u00e0 fleurs","item":"https:\/\/www.veronneau.com\/fr\/categorie-produit\/pots-et-vases\/vases\/"},{"@type":"ListItem","position":5,"name":"Petits vases d\u00e9coratifs","item":"https:\/\/www.veronneau.com\/fr\/categorie-produit\/pots-et-vases\/vases\/petits-vases\/"},{"@type":"ListItem","position":6,"name":"Mini vase en aluminium avec anses, 7&Prime;"}]},{"@type":"WebSite","@id":"https:\/\/www.veronneau.com\/fr\/#website","url":"https:\/\/www.veronneau.com\/fr\/","name":"D\u00e9cors V\u00e9ronneau","description":"Magasin de d\u00e9coration int\u00e9rieure - Plantes et fleurs artificielles","publisher":{"@id":"https:\/\/www.veronneau.com\/fr\/#organization"},"alternateName":"D\u00e9cors V\u00e9ronneau","potentialAction":[{"@type":"SearchAction","target":{"@type":"EntryPoint","urlTemplate":"https:\/\/www.veronneau.com\/fr\/?s={search_term_string}"},"query-input":{"@type":"PropertyValueSpecification","valueRequired":true,"valueName":"search_term_string"}}],"inLanguage":"fr-FR"},{"@type":"Organization","@id":"https:\/\/www.veronneau.com\/fr\/#organization","name":"D\u00e9cors V\u00e9ronneau","alternateName":"D\u00e9cors V\u00e9ronneau","url":"https:\/\/www.veronneau.com\/fr\/","logo":{"@type":"ImageObject","inLanguage":"fr-FR","@id":"https:\/\/www.veronneau.com\/fr\/#\/schema\/logo\/image\/","url":"https:\/\/www.veronneau.com\/wp-content\/uploads\/2023\/07\/logo-veronneau.png","contentUrl":"https:\/\/www.veronneau.com\/wp-content\/uploads\/2023\/07\/logo-veronneau.png","width":1200,"height":675,"caption":"D\u00e9cors V\u00e9ronneau"},"image":{"@id":"https:\/\/www.veronneau.com\/fr\/#\/schema\/logo\/image\/"},"sameAs":["https:\/\/www.facebook.com\/decorsveronneau","https:\/\/www.instagram.com\/decorsveronneau\/","https:\/\/www.youtube.com\/@decorsveronneau"]}]}},"_links":{"self":[{"href":"https:\/\/www.veronneau.com\/fr\/wp-json\/wp\/v2\/product\/946306","targetHints":{"allow":["GET"]}}],"collection":[{"href":"https:\/\/www.veronneau.com\/fr\/wp-json\/wp\/v2\/product"}],"about":[{"href":"https:\/\/www.veronneau.com\/fr\/wp-json\/wp\/v2\/types\/product"}],"replies":[{"embeddable":true,"href":"https:\/\/www.veronneau.com\/fr\/wp-json\/wp\/v2\/comments?post=946306"}],"version-history":[{"count":1,"href":"https:\/\/www.veronneau.com\/fr\/wp-json\/wp\/v2\/product\/946306\/revisions"}],"predecessor-version":[{"id":946489,"href":"https:\/\/www.veronneau.com\/fr\/wp-json\/wp\/v2\/product\/946306\/revisions\/946489"}],"wp:featuredmedia":[{"embeddable":true,"href":"https:\/\/www.veronneau.com\/fr\/wp-json\/wp\/v2\/media\/946486"}],"wp:attachment":[{"href":"https:\/\/www.veronneau.com\/fr\/wp-json\/wp\/v2\/media?parent=946306"}],"wp:term":[{"taxonomy":"product_brand","embeddable":true,"href":"https:\/\/www.veronneau.com\/fr\/wp-json\/wp\/v2\/product_brand?post=946306"},{"taxonomy":"product_cat","embeddable":true,"href":"https:\/\/www.veronneau.com\/fr\/wp-json\/wp\/v2\/product_cat?post=946306"},{"taxonomy":"product_tag","embeddable":true,"href":"https:\/\/www.veronneau.com\/fr\/wp-json\/wp\/v2\/product_tag?post=946306"}],"curies":[{"name":"wp","href":"https:\/\/api.w.org\/{rel}","templated":true}]}}