{"id":946309,"date":"2026-08-31T12:52:43","date_gmt":"2026-08-31T16:52:43","guid":{"rendered":"https:\/\/www.veronneau.com\/?post_type=product&#038;p=946309"},"modified":"2026-09-03T09:22:00","modified_gmt":"2026-09-03T13:22:00","slug":"vase-en-terre-cuite-inspire-de-la-provence-13","status":"publish","type":"product","link":"https:\/\/www.veronneau.com\/fr\/produits\/pots-et-vases\/vases\/petits-vases\/vase-en-terre-cuite-inspire-de-la-provence-13\/","title":{"rendered":"Vase en terre cuite inspir\u00e9 de la provence, 13&Prime;"},"content":{"rendered":"<p>Inspir\u00e9 de la beaut\u00e9 intemporelle des amphores classiques, ce vase en terre cuite apporte une touche de charme europ\u00e9en d\u00e9contract\u00e9 \u00e0 votre d\u00e9cor. Son fini patin\u00e9 et son caract\u00e8re artisanal \u00e9voquent les objets fa\u00e7onn\u00e9s par le temps, comme une pi\u00e8ce ancienne d\u00e9couverte dans un village baign\u00e9 de soleil du sud de la France.<\/p>\n<p>Avec sa texture authentique et ses nuances naturelles, ce vase d\u00e9coratif s\u2019int\u00e8gre facilement \u00e0 une vari\u00e9t\u00e9 de styles, du d\u00e9cor champ\u00eatre au plus contemporain. Sa silhouette \u00e9voque les formes traditionnelles de l\u2019amphore tout en offrant une allure sobre et \u00e9l\u00e9gante.<\/p>\n<p>Utilisez-le seul pour mettre en valeur son caract\u00e8re sculptural ou accompagnez-le de branches et de fleurs artificielles pour cr\u00e9er une composition g\u00e9n\u00e9reuse. Plac\u00e9 sur une console, une table ou une \u00e9tag\u00e8re, il apporte profondeur, texture et une subtile touche d\u2019inspiration europ\u00e9enne \u00e0 votre int\u00e9rieur.<\/p>\n","protected":false},"excerpt":{"rendered":"<p>Inspir\u00e9 de la beaut\u00e9 intemporelle des amphores classiques, ce vase en terre cuite apporte une touche de charme europ\u00e9en d\u00e9contract\u00e9 \u00e0 votre d\u00e9cor. Son fini patin\u00e9 et son caract\u00e8re artisanal \u00e9voquent les objets fa\u00e7onn\u00e9s par le temps, comme une pi\u00e8ce ancienne d\u00e9couverte dans un village baign\u00e9 de soleil du sud de la France. Avec sa [&hellip;]<\/p>\n","protected":false},"featured_media":946498,"comment_status":"open","ping_status":"closed","template":"","meta":[],"product_brand":[],"product_cat":[86056,86144],"product_tag":[],"class_list":["post-946309","product","type-product","status-publish","has-post-thumbnail","product_cat-automne-et-halloween","product_cat-petits-vases","first","instock","taxable","shipping-taxable","purchasable","product-type-simple"],"yoast_head":"<!-- This site is optimized with the Yoast SEO plugin v28.3 - https:\/\/yoast.com\/product\/yoast-seo-wordpress\/ -->\n<title>Vase en terre cuite inspir\u00e9 de la provence, 13&#039;&#039; - D\u00e9cors V\u00e9ronneau<\/title>\n<meta name=\"description\" content=\"Laissez-vous tenter par ce vase en terre cuite qui apportera une touche de charme europ\u00e9en \u00e0 votre d\u00e9cor gr\u00e2ce \u00e0 son fini patin\u00e9 et son caract\u00e8re artisanal.\" \/>\n<meta name=\"robots\" content=\"index, follow, max-snippet:-1, max-image-preview:large, max-video-preview:-1\" \/>\n<link rel=\"canonical\" href=\"https:\/\/www.veronneau.com\/fr\/produits\/pots-et-vases\/vases\/petits-vases\/vase-en-terre-cuite-inspire-de-la-provence-13\/\" \/>\n<meta property=\"og:locale\" content=\"fr_FR\" \/>\n<meta property=\"og:type\" content=\"article\" \/>\n<meta property=\"og:title\" content=\"Vase en terre cuite inspir\u00e9 de la provence, 13&#039;&#039;\" \/>\n<meta property=\"og:description\" content=\"Laissez-vous tenter par ce vase en terre cuite qui apportera une touche de charme europ\u00e9en \u00e0 votre d\u00e9cor gr\u00e2ce \u00e0 son fini patin\u00e9 et son caract\u00e8re artisanal.\" \/>\n<meta property=\"og:url\" content=\"https:\/\/www.veronneau.com\/fr\/produits\/pots-et-vases\/vases\/petits-vases\/vase-en-terre-cuite-inspire-de-la-provence-13\/\" \/>\n<meta property=\"og:site_name\" content=\"D\u00e9cors V\u00e9ronneau\" \/>\n<meta property=\"article:publisher\" content=\"https:\/\/www.facebook.com\/decorsveronneau\" \/>\n<meta property=\"article:modified_time\" content=\"2026-09-03T13:22:00+00:00\" \/>\n<meta property=\"og:image\" content=\"https:\/\/www.veronneau.com\/wp-content\/uploads\/2026\/08\/018337-Vase-en-terre-cuiteprovence.jpg\" \/>\n\t<meta property=\"og:image:width\" content=\"1000\" \/>\n\t<meta property=\"og:image:height\" content=\"1000\" \/>\n\t<meta property=\"og:image:type\" content=\"image\/jpeg\" \/>\n<meta name=\"twitter:card\" content=\"summary_large_image\" \/>\n<meta name=\"twitter:label1\" content=\"Dur\u00e9e de lecture estim\u00e9e\" \/>\n\t<meta name=\"twitter:data1\" content=\"1 minute\" \/>\n<script type=\"application\/ld+json\" class=\"yoast-schema-graph\">{\"@context\":\"https:\\\/\\\/schema.org\",\"@graph\":[{\"@type\":[\"WebPage\",\"ItemPage\"],\"@id\":\"https:\\\/\\\/www.veronneau.com\\\/fr\\\/produits\\\/pots-et-vases\\\/vases\\\/petits-vases\\\/vase-en-terre-cuite-inspire-de-la-provence-13\\\/\",\"url\":\"https:\\\/\\\/www.veronneau.com\\\/fr\\\/produits\\\/pots-et-vases\\\/vases\\\/petits-vases\\\/vase-en-terre-cuite-inspire-de-la-provence-13\\\/\",\"name\":\"Vase en terre cuite inspir\u00e9 de la provence, 13''\",\"isPartOf\":{\"@id\":\"https:\\\/\\\/www.veronneau.com\\\/fr\\\/#website\"},\"primaryImageOfPage\":{\"@id\":\"https:\\\/\\\/www.veronneau.com\\\/fr\\\/produits\\\/pots-et-vases\\\/vases\\\/petits-vases\\\/vase-en-terre-cuite-inspire-de-la-provence-13\\\/#primaryimage\"},\"image\":{\"@id\":\"https:\\\/\\\/www.veronneau.com\\\/fr\\\/produits\\\/pots-et-vases\\\/vases\\\/petits-vases\\\/vase-en-terre-cuite-inspire-de-la-provence-13\\\/#primaryimage\"},\"thumbnailUrl\":\"https:\\\/\\\/www.veronneau.com\\\/wp-content\\\/uploads\\\/2026\\\/08\\\/018337-Vase-en-terre-cuiteprovence.jpg\",\"datePublished\":\"2026-08-31T16:52:43+00:00\",\"dateModified\":\"2026-09-03T13:22:00+00:00\",\"description\":\"Laissez-vous tenter par ce vase en terre cuite qui apportera une touche de charme europ\u00e9en \u00e0 votre d\u00e9cor gr\u00e2ce \u00e0 son fini patin\u00e9 et son caract\u00e8re artisanal.\",\"breadcrumb\":{\"@id\":\"https:\\\/\\\/www.veronneau.com\\\/fr\\\/produits\\\/pots-et-vases\\\/vases\\\/petits-vases\\\/vase-en-terre-cuite-inspire-de-la-provence-13\\\/#breadcrumb\"},\"inLanguage\":\"fr-FR\",\"potentialAction\":[{\"@type\":\"ReadAction\",\"target\":[\"https:\\\/\\\/www.veronneau.com\\\/fr\\\/produits\\\/pots-et-vases\\\/vases\\\/petits-vases\\\/vase-en-terre-cuite-inspire-de-la-provence-13\\\/\"]}]},{\"@type\":\"ImageObject\",\"inLanguage\":\"fr-FR\",\"@id\":\"https:\\\/\\\/www.veronneau.com\\\/fr\\\/produits\\\/pots-et-vases\\\/vases\\\/petits-vases\\\/vase-en-terre-cuite-inspire-de-la-provence-13\\\/#primaryimage\",\"url\":\"https:\\\/\\\/www.veronneau.com\\\/wp-content\\\/uploads\\\/2026\\\/08\\\/018337-Vase-en-terre-cuiteprovence.jpg\",\"contentUrl\":\"https:\\\/\\\/www.veronneau.com\\\/wp-content\\\/uploads\\\/2026\\\/08\\\/018337-Vase-en-terre-cuiteprovence.jpg\",\"width\":1000,\"height\":1000,\"caption\":\"Vase en terre cuite inspir\u00e9 de la Provence\"},{\"@type\":\"BreadcrumbList\",\"@id\":\"https:\\\/\\\/www.veronneau.com\\\/fr\\\/produits\\\/pots-et-vases\\\/vases\\\/petits-vases\\\/vase-en-terre-cuite-inspire-de-la-provence-13\\\/#breadcrumb\",\"itemListElement\":[{\"@type\":\"ListItem\",\"position\":1,\"name\":\"Accueil\",\"item\":\"https:\\\/\\\/www.veronneau.com\\\/fr\\\/\"},{\"@type\":\"ListItem\",\"position\":2,\"name\":\"Boutique\",\"item\":\"https:\\\/\\\/www.veronneau.com\\\/fr\\\/boutique\\\/\"},{\"@type\":\"ListItem\",\"position\":3,\"name\":\"D\u00e9corations d'automne\",\"item\":\"https:\\\/\\\/www.veronneau.com\\\/fr\\\/categorie-produit\\\/automne-et-halloween\\\/\"},{\"@type\":\"ListItem\",\"position\":4,\"name\":\"Vase en terre cuite inspir\u00e9 de la provence, 13&Prime;\"}]},{\"@type\":\"WebSite\",\"@id\":\"https:\\\/\\\/www.veronneau.com\\\/fr\\\/#website\",\"url\":\"https:\\\/\\\/www.veronneau.com\\\/fr\\\/\",\"name\":\"D\u00e9cors V\u00e9ronneau\",\"description\":\"Magasin de d\u00e9coration int\u00e9rieure - Plantes et fleurs artificielles\",\"publisher\":{\"@id\":\"https:\\\/\\\/www.veronneau.com\\\/fr\\\/#organization\"},\"alternateName\":\"D\u00e9cors V\u00e9ronneau\",\"potentialAction\":[{\"@type\":\"SearchAction\",\"target\":{\"@type\":\"EntryPoint\",\"urlTemplate\":\"https:\\\/\\\/www.veronneau.com\\\/fr\\\/?s={search_term_string}\"},\"query-input\":{\"@type\":\"PropertyValueSpecification\",\"valueRequired\":true,\"valueName\":\"search_term_string\"}}],\"inLanguage\":\"fr-FR\"},{\"@type\":\"Organization\",\"@id\":\"https:\\\/\\\/www.veronneau.com\\\/fr\\\/#organization\",\"name\":\"D\u00e9cors V\u00e9ronneau\",\"alternateName\":\"D\u00e9cors V\u00e9ronneau\",\"url\":\"https:\\\/\\\/www.veronneau.com\\\/fr\\\/\",\"logo\":{\"@type\":\"ImageObject\",\"inLanguage\":\"fr-FR\",\"@id\":\"https:\\\/\\\/www.veronneau.com\\\/fr\\\/#\\\/schema\\\/logo\\\/image\\\/\",\"url\":\"https:\\\/\\\/www.veronneau.com\\\/wp-content\\\/uploads\\\/2023\\\/07\\\/logo-veronneau.png\",\"contentUrl\":\"https:\\\/\\\/www.veronneau.com\\\/wp-content\\\/uploads\\\/2023\\\/07\\\/logo-veronneau.png\",\"width\":1200,\"height\":675,\"caption\":\"D\u00e9cors V\u00e9ronneau\"},\"image\":{\"@id\":\"https:\\\/\\\/www.veronneau.com\\\/fr\\\/#\\\/schema\\\/logo\\\/image\\\/\"},\"sameAs\":[\"https:\\\/\\\/www.facebook.com\\\/decorsveronneau\",\"https:\\\/\\\/www.instagram.com\\\/decorsveronneau\\\/\",\"https:\\\/\\\/www.youtube.com\\\/@decorsveronneau\"]}]}<\/script>\n<!-- \/ Yoast SEO plugin. -->","yoast_head_json":{"title":"Vase en terre cuite inspir\u00e9 de la provence, 13'' - D\u00e9cors V\u00e9ronneau","description":"Laissez-vous tenter par ce vase en terre cuite qui apportera une touche de charme europ\u00e9en \u00e0 votre d\u00e9cor gr\u00e2ce \u00e0 son fini patin\u00e9 et son caract\u00e8re artisanal.","robots":{"index":"index","follow":"follow","max-snippet":"max-snippet:-1","max-image-preview":"max-image-preview:large","max-video-preview":"max-video-preview:-1"},"canonical":"https:\/\/www.veronneau.com\/fr\/produits\/pots-et-vases\/vases\/petits-vases\/vase-en-terre-cuite-inspire-de-la-provence-13\/","og_locale":"fr_FR","og_type":"article","og_title":"Vase en terre cuite inspir\u00e9 de la provence, 13''","og_description":"Laissez-vous tenter par ce vase en terre cuite qui apportera une touche de charme europ\u00e9en \u00e0 votre d\u00e9cor gr\u00e2ce \u00e0 son fini patin\u00e9 et son caract\u00e8re artisanal.","og_url":"https:\/\/www.veronneau.com\/fr\/produits\/pots-et-vases\/vases\/petits-vases\/vase-en-terre-cuite-inspire-de-la-provence-13\/","og_site_name":"D\u00e9cors V\u00e9ronneau","article_publisher":"https:\/\/www.facebook.com\/decorsveronneau","article_modified_time":"2026-09-03T13:22:00+00:00","og_image":[{"width":1000,"height":1000,"url":"https:\/\/www.veronneau.com\/wp-content\/uploads\/2026\/08\/018337-Vase-en-terre-cuiteprovence.jpg","type":"image\/jpeg"}],"twitter_card":"summary_large_image","twitter_misc":{"Dur\u00e9e de lecture estim\u00e9e":"1 minute"},"schema":{"@context":"https:\/\/schema.org","@graph":[{"@type":["WebPage","ItemPage"],"@id":"https:\/\/www.veronneau.com\/fr\/produits\/pots-et-vases\/vases\/petits-vases\/vase-en-terre-cuite-inspire-de-la-provence-13\/","url":"https:\/\/www.veronneau.com\/fr\/produits\/pots-et-vases\/vases\/petits-vases\/vase-en-terre-cuite-inspire-de-la-provence-13\/","name":"Vase en terre cuite inspir\u00e9 de la provence, 13''","isPartOf":{"@id":"https:\/\/www.veronneau.com\/fr\/#website"},"primaryImageOfPage":{"@id":"https:\/\/www.veronneau.com\/fr\/produits\/pots-et-vases\/vases\/petits-vases\/vase-en-terre-cuite-inspire-de-la-provence-13\/#primaryimage"},"image":{"@id":"https:\/\/www.veronneau.com\/fr\/produits\/pots-et-vases\/vases\/petits-vases\/vase-en-terre-cuite-inspire-de-la-provence-13\/#primaryimage"},"thumbnailUrl":"https:\/\/www.veronneau.com\/wp-content\/uploads\/2026\/08\/018337-Vase-en-terre-cuiteprovence.jpg","datePublished":"2026-08-31T16:52:43+00:00","dateModified":"2026-09-03T13:22:00+00:00","description":"Laissez-vous tenter par ce vase en terre cuite qui apportera une touche de charme europ\u00e9en \u00e0 votre d\u00e9cor gr\u00e2ce \u00e0 son fini patin\u00e9 et son caract\u00e8re artisanal.","breadcrumb":{"@id":"https:\/\/www.veronneau.com\/fr\/produits\/pots-et-vases\/vases\/petits-vases\/vase-en-terre-cuite-inspire-de-la-provence-13\/#breadcrumb"},"inLanguage":"fr-FR","potentialAction":[{"@type":"ReadAction","target":["https:\/\/www.veronneau.com\/fr\/produits\/pots-et-vases\/vases\/petits-vases\/vase-en-terre-cuite-inspire-de-la-provence-13\/"]}]},{"@type":"ImageObject","inLanguage":"fr-FR","@id":"https:\/\/www.veronneau.com\/fr\/produits\/pots-et-vases\/vases\/petits-vases\/vase-en-terre-cuite-inspire-de-la-provence-13\/#primaryimage","url":"https:\/\/www.veronneau.com\/wp-content\/uploads\/2026\/08\/018337-Vase-en-terre-cuiteprovence.jpg","contentUrl":"https:\/\/www.veronneau.com\/wp-content\/uploads\/2026\/08\/018337-Vase-en-terre-cuiteprovence.jpg","width":1000,"height":1000,"caption":"Vase en terre cuite inspir\u00e9 de la Provence"},{"@type":"BreadcrumbList","@id":"https:\/\/www.veronneau.com\/fr\/produits\/pots-et-vases\/vases\/petits-vases\/vase-en-terre-cuite-inspire-de-la-provence-13\/#breadcrumb","itemListElement":[{"@type":"ListItem","position":1,"name":"Accueil","item":"https:\/\/www.veronneau.com\/fr\/"},{"@type":"ListItem","position":2,"name":"Boutique","item":"https:\/\/www.veronneau.com\/fr\/boutique\/"},{"@type":"ListItem","position":3,"name":"D\u00e9corations d'automne","item":"https:\/\/www.veronneau.com\/fr\/categorie-produit\/automne-et-halloween\/"},{"@type":"ListItem","position":4,"name":"Vase en terre cuite inspir\u00e9 de la provence, 13&Prime;"}]},{"@type":"WebSite","@id":"https:\/\/www.veronneau.com\/fr\/#website","url":"https:\/\/www.veronneau.com\/fr\/","name":"D\u00e9cors V\u00e9ronneau","description":"Magasin de d\u00e9coration int\u00e9rieure - Plantes et fleurs artificielles","publisher":{"@id":"https:\/\/www.veronneau.com\/fr\/#organization"},"alternateName":"D\u00e9cors V\u00e9ronneau","potentialAction":[{"@type":"SearchAction","target":{"@type":"EntryPoint","urlTemplate":"https:\/\/www.veronneau.com\/fr\/?s={search_term_string}"},"query-input":{"@type":"PropertyValueSpecification","valueRequired":true,"valueName":"search_term_string"}}],"inLanguage":"fr-FR"},{"@type":"Organization","@id":"https:\/\/www.veronneau.com\/fr\/#organization","name":"D\u00e9cors V\u00e9ronneau","alternateName":"D\u00e9cors V\u00e9ronneau","url":"https:\/\/www.veronneau.com\/fr\/","logo":{"@type":"ImageObject","inLanguage":"fr-FR","@id":"https:\/\/www.veronneau.com\/fr\/#\/schema\/logo\/image\/","url":"https:\/\/www.veronneau.com\/wp-content\/uploads\/2023\/07\/logo-veronneau.png","contentUrl":"https:\/\/www.veronneau.com\/wp-content\/uploads\/2023\/07\/logo-veronneau.png","width":1200,"height":675,"caption":"D\u00e9cors V\u00e9ronneau"},"image":{"@id":"https:\/\/www.veronneau.com\/fr\/#\/schema\/logo\/image\/"},"sameAs":["https:\/\/www.facebook.com\/decorsveronneau","https:\/\/www.instagram.com\/decorsveronneau\/","https:\/\/www.youtube.com\/@decorsveronneau"]}]}},"_links":{"self":[{"href":"https:\/\/www.veronneau.com\/fr\/wp-json\/wp\/v2\/product\/946309","targetHints":{"allow":["GET"]}}],"collection":[{"href":"https:\/\/www.veronneau.com\/fr\/wp-json\/wp\/v2\/product"}],"about":[{"href":"https:\/\/www.veronneau.com\/fr\/wp-json\/wp\/v2\/types\/product"}],"replies":[{"embeddable":true,"href":"https:\/\/www.veronneau.com\/fr\/wp-json\/wp\/v2\/comments?post=946309"}],"version-history":[{"count":2,"href":"https:\/\/www.veronneau.com\/fr\/wp-json\/wp\/v2\/product\/946309\/revisions"}],"predecessor-version":[{"id":946557,"href":"https:\/\/www.veronneau.com\/fr\/wp-json\/wp\/v2\/product\/946309\/revisions\/946557"}],"wp:featuredmedia":[{"embeddable":true,"href":"https:\/\/www.veronneau.com\/fr\/wp-json\/wp\/v2\/media\/946498"}],"wp:attachment":[{"href":"https:\/\/www.veronneau.com\/fr\/wp-json\/wp\/v2\/media?parent=946309"}],"wp:term":[{"taxonomy":"product_brand","embeddable":true,"href":"https:\/\/www.veronneau.com\/fr\/wp-json\/wp\/v2\/product_brand?post=946309"},{"taxonomy":"product_cat","embeddable":true,"href":"https:\/\/www.veronneau.com\/fr\/wp-json\/wp\/v2\/product_cat?post=946309"},{"taxonomy":"product_tag","embeddable":true,"href":"https:\/\/www.veronneau.com\/fr\/wp-json\/wp\/v2\/product_tag?post=946309"}],"curies":[{"name":"wp","href":"https:\/\/api.w.org\/{rel}","templated":true}]}}